{"id":9,"date":"2023-04-07T15:35:35","date_gmt":"2023-04-07T13:35:35","guid":{"rendered":"https:\/\/www.amaxdeboisdechauffage.fr\/?page_id=9"},"modified":"2024-12-03T09:56:58","modified_gmt":"2024-12-03T08:56:58","slug":"bois-de-chauffage-vendee","status":"publish","type":"page","link":"https:\/\/www.amaxdeboisdechauffage.fr\/","title":{"rendered":"Accueil"},"content":{"rendered":"<p>[et_pb_section bb_built=\u00a0\u00bb1&Prime; _builder_version=\u00a0\u00bb4.20.4&Prime; _module_preset=\u00a0\u00bbdefault\u00a0\u00bb custom_margin=\u00a0\u00bb||0px||false|false\u00a0\u00bb custom_padding=\u00a0\u00bb0px||0px||false|false\u00a0\u00bb global_colors_info=\u00a0\u00bb{}\u00a0\u00bb next_background_color=\u00a0\u00bb#000000&Prime;][et_pb_row _builder_version=\u00a0\u00bb4.20.4&Prime; _module_preset=\u00a0\u00bbdefault\u00a0\u00bb width=\u00a0\u00bb100%\u00a0\u00bb max_width=\u00a0\u00bb2560px\u00a0\u00bb custom_padding=\u00a0\u00bb0px||||false|false\u00a0\u00bb global_colors_info=\u00a0\u00bb{}\u00a0\u00bb][et_pb_column type=\u00a0\u00bb4_4&Prime; _builder_version=\u00a0\u00bb4.16&Prime; _module_preset=\u00a0\u00bbdefault\u00a0\u00bb global_colors_info=\u00a0\u00bb{}\u00a0\u00bb][et_pb_image src=\u00a0\u00bbhttps:\/\/www.amaxdeboisdechauffage.fr\/storage\/2023\/04\/cover-amaxdeboisdechauffage-01.jpg\u00a0\u00bb title_text=\u00a0\u00bbcover-amaxdeboisdechauffage-01&Prime; _builder_version=\u00a0\u00bb4.20.4&Prime; _module_preset=\u00a0\u00bbdefault\u00a0\u00bb global_colors_info=\u00a0\u00bb{}\u00a0\u00bb]<\/p>\n<p><\/p>\n<p>[\/et_pb_image][et_pb_text disabled_on=\u00a0\u00bbon|on|on\u00a0\u00bb _builder_version=\u00a0\u00bb4.20.4&Prime; _module_preset=\u00a0\u00bbdefault\u00a0\u00bb text_font=\u00a0\u00bbHomemade Apple|800|on||||||\u00a0\u00bb text_font_size=\u00a0\u00bb30px\u00a0\u00bb text_line_height=\u00a0\u00bb2em\u00a0\u00bb max_width=\u00a0\u00bb800px\u00a0\u00bb module_alignment=\u00a0\u00bbcenter\u00a0\u00bb disabled=\u00a0\u00bbon\u00a0\u00bb global_colors_info=\u00a0\u00bb{}\u00a0\u00bb]<\/p>\n<p style=\"text-align: center;\">Pour un chauffage efficace et un rendement optimal, anticipez le stockage de votre bois d\u00e8s maintenant.<\/p>\n<p>[\/et_pb_text][\/et_pb_column][\/et_pb_row][et_pb_row _builder_version=\u00a0\u00bb4.20.4&Prime; _module_preset=\u00a0\u00bbdefault\u00a0\u00bb max_width=\u00a0\u00bb1000px\u00a0\u00bb module_alignment=\u00a0\u00bbcenter\u00a0\u00bb custom_margin=\u00a0\u00bb||60px||false|false\u00a0\u00bb custom_margin_tablet=\u00a0\u00bb||0px||false|false\u00a0\u00bb custom_margin_phone=\u00a0\u00bb||0px||false|false\u00a0\u00bb custom_margin_last_edited=\u00a0\u00bbon|tablet\u00a0\u00bb custom_padding=\u00a0\u00bb||0px|||\u00a0\u00bb global_colors_info=\u00a0\u00bb{}\u00a0\u00bb][et_pb_column type=\u00a0\u00bb4_4&Prime; _builder_version=\u00a0\u00bb4.16&Prime; _module_preset=\u00a0\u00bbdefault\u00a0\u00bb global_colors_info=\u00a0\u00bb{}\u00a0\u00bb][et_pb_text admin_label=\u00a0\u00bbTitre H1&Prime; _builder_version=\u00a0\u00bb4.20.4&Prime; _module_preset=\u00a0\u00bbdefault\u00a0\u00bb header_text_align=\u00a0\u00bbcenter\u00a0\u00bb global_colors_info=\u00a0\u00bb{}\u00a0\u00bb]<\/p>\n<h1>A Max de Bois de Chauffage<\/h1>\n<p>[\/et_pb_text][et_pb_text _builder_version=\u00a0\u00bb4.20.4&Prime; _module_preset=\u00a0\u00bbdefault\u00a0\u00bb global_colors_info=\u00a0\u00bb{}\u00a0\u00bb]<\/p>\n<p><span style=\"font-weight: 400;\">Vous \u00eates \u00e0 la recherche de <\/span><b>bois de chauffage de qualit\u00e9 en Vend\u00e9e<\/b><span style=\"font-weight: 400;\"> ? Situ\u00e9 pr\u00e8s de Challans, <\/span><b>A Max de Bois de Chauffage<\/b><span style=\"font-weight: 400;\"> vous conseille et assure la livraison de votre bois en moins de 15 jours.<\/span><\/p>\n<p>[\/et_pb_text][et_pb_image src=\u00a0\u00bbhttps:\/\/www.amaxdeboisdechauffage.fr\/storage\/2023\/04\/amaxdeboisdechauffage-livraison-camion-vendee.jpg\u00a0\u00bb alt=\u00a0\u00bbCamion de livraison bois de chauffage en Vend\u00e9e\u00a0\u00bb title_text=\u00a0\u00bbamaxdeboisdechauffage-livraison-camion-vendee\u00a0\u00bb align=\u00a0\u00bbcenter\u00a0\u00bb _builder_version=\u00a0\u00bb4.20.4&Prime; _module_preset=\u00a0\u00bbdefault\u00a0\u00bb module_alignment=\u00a0\u00bbcenter\u00a0\u00bb border_radii=\u00a0\u00bbon|20px|20px|20px|20px\u00a0\u00bb global_colors_info=\u00a0\u00bb{}\u00a0\u00bb]<\/p>\n<p><\/p>\n<p>[\/et_pb_image][\/et_pb_column][\/et_pb_row][et_pb_row disabled_on=\u00a0\u00bbon|on|on\u00a0\u00bb _builder_version=\u00a0\u00bb4.18.0&Prime; _module_preset=\u00a0\u00bbdefault\u00a0\u00bb custom_margin=\u00a0\u00bb||60px||false|false\u00a0\u00bb custom_margin_tablet=\u00a0\u00bb||0px||false|false\u00a0\u00bb custom_margin_phone=\u00a0\u00bb||0px||false|false\u00a0\u00bb custom_margin_last_edited=\u00a0\u00bbon|tablet\u00a0\u00bb custom_padding=\u00a0\u00bb||0px|||\u00a0\u00bb disabled=\u00a0\u00bbon\u00a0\u00bb collapsed=\u00a0\u00bbon\u00a0\u00bb global_colors_info=\u00a0\u00bb{}\u00a0\u00bb][et_pb_column type=\u00a0\u00bb4_4&Prime; _builder_version=\u00a0\u00bb4.16&Prime; _module_preset=\u00a0\u00bbdefault\u00a0\u00bb global_colors_info=\u00a0\u00bb{}\u00a0\u00bb][et_pb_text admin_label=\u00a0\u00bbH2 &#8211; Du bois de chauffage issu de for\u00eats fran\u00e7aises durables\u00a0\u00bb _builder_version=\u00a0\u00bb4.20.4&Prime; _module_preset=\u00a0\u00bbdefault\u00a0\u00bb header_text_align=\u00a0\u00bbcenter\u00a0\u00bb header_2_text_align=\u00a0\u00bbcenter\u00a0\u00bb global_colors_info=\u00a0\u00bb{}\u00a0\u00bb]<\/p>\n<h2>Du bois de chauffage issu de for\u00eats fran\u00e7aises durables<\/h2>\n<p>[\/et_pb_text][et_pb_text _builder_version=\u00a0\u00bb4.20.4&Prime; _module_preset=\u00a0\u00bbdefault\u00a0\u00bb global_colors_info=\u00a0\u00bb{}\u00a0\u00bb]<\/p>\n<p><b>A Max de Bois de Chauffage<\/b><span style=\"font-weight: 400;\"> est une <\/span><b>entreprise vend\u00e9enne<\/b><span style=\"font-weight: 400;\"> sp\u00e9cialis\u00e9e dans la vente de bois de chauffage pour <\/span><b>particuliers et professionnels<\/b><span style=\"font-weight: 400;\">.\u00a0<\/span><\/p>\n<p><span style=\"font-weight: 400;\">Passionn\u00e9 par la nature et les essences de bois depuis son enfance, Maxime DURAND met son expertise \u00e0 votre service et vous propose du <\/span><b>bois fran\u00e7ais<\/b><span style=\"font-weight: 400;\"> issu de <\/span><b>for\u00eats g\u00e9r\u00e9es durablement<\/b><span style=\"font-weight: 400;\">.\u00a0<\/span><\/p>\n<p><span style=\"font-weight: 400;\">Pour cela, il travaille exclusivement avec des propri\u00e9taires forestiers renomm\u00e9s et <\/span><b>certifi\u00e9s PEFC<\/b><span style=\"font-weight: 400;\"> (Pan European Forest Certification). Ce label atteste d\u2019une v\u00e9ritable d\u00e9marche <\/span><b>d\u2019entretien des for\u00eats fran\u00e7aises <\/b><span style=\"font-weight: 400;\">(arbres non trait\u00e9s, coupes raisonn\u00e9es, plantations etc.)<\/span><b>.\u00a0<\/b><\/p>\n<p><span style=\"font-weight: 400;\">En achetant chez A Max de Bois de Chauffage, vous participez ainsi \u00e0 l\u2019<\/span><b>\u00e9quilibre forestier<\/b><span style=\"font-weight: 400;\"> et b\u00e9n\u00e9ficiez d\u2019un <\/span><b>moyen de chauffage \u00e9conomique et \u00e9cologique<\/b><span style=\"font-weight: 400;\">. <\/span><\/p>\n<p>[\/et_pb_text][\/et_pb_column][\/et_pb_row][et_pb_row column_structure=\u00a0\u00bb1_3,1_3,1_3&Prime; disabled_on=\u00a0\u00bbon|on|on\u00a0\u00bb module_class=\u00a0\u00bbphotos_home\u00a0\u00bb _builder_version=\u00a0\u00bb4.18.0&Prime; _module_preset=\u00a0\u00bbdefault\u00a0\u00bb disabled=\u00a0\u00bbon\u00a0\u00bb collapsed=\u00a0\u00bbon\u00a0\u00bb global_colors_info=\u00a0\u00bb{}\u00a0\u00bb][et_pb_column type=\u00a0\u00bb1_3&Prime; _builder_version=\u00a0\u00bb4.18.0&Prime; _module_preset=\u00a0\u00bbdefault\u00a0\u00bb global_colors_info=\u00a0\u00bb{}\u00a0\u00bb][et_pb_image src=\u00a0\u00bbhttps:\/\/www.amaxdeboisdechauffage.fr\/storage\/2023\/04\/AdobeStock_302765911_Preview.jpeg\u00a0\u00bb title_text=\u00a0\u00bbAdobeStock_302765911_Preview\u00a0\u00bb _builder_version=\u00a0\u00bb4.18.0&Prime; _module_preset=\u00a0\u00bbdefault\u00a0\u00bb global_colors_info=\u00a0\u00bb{}\u00a0\u00bb]<\/p>\n<p><\/p>\n<p>[\/et_pb_image][\/et_pb_column][et_pb_column type=\u00a0\u00bb1_3&Prime; _builder_version=\u00a0\u00bb4.18.0&Prime; _module_preset=\u00a0\u00bbdefault\u00a0\u00bb global_colors_info=\u00a0\u00bb{}\u00a0\u00bb][et_pb_image src=\u00a0\u00bbhttps:\/\/www.amaxdeboisdechauffage.fr\/storage\/2023\/04\/AdobeStock_383211501_Preview.jpeg\u00a0\u00bb title_text=\u00a0\u00bbAdobeStock_383211501_Preview\u00a0\u00bb _builder_version=\u00a0\u00bb4.18.0&Prime; _module_preset=\u00a0\u00bbdefault\u00a0\u00bb global_colors_info=\u00a0\u00bb{}\u00a0\u00bb]<\/p>\n<p><\/p>\n<p>[\/et_pb_image][\/et_pb_column][et_pb_column type=\u00a0\u00bb1_3&Prime; _builder_version=\u00a0\u00bb4.18.0&Prime; _module_preset=\u00a0\u00bbdefault\u00a0\u00bb global_colors_info=\u00a0\u00bb{}\u00a0\u00bb][et_pb_image src=\u00a0\u00bbhttps:\/\/www.amaxdeboisdechauffage.fr\/storage\/2023\/04\/AdobeStock_298797599_Preview.jpeg\u00a0\u00bb title_text=\u00a0\u00bbAdobeStock_298797599_Preview\u00a0\u00bb _builder_version=\u00a0\u00bb4.18.0&Prime; _module_preset=\u00a0\u00bbdefault\u00a0\u00bb global_colors_info=\u00a0\u00bb{}\u00a0\u00bb]<\/p>\n<p><\/p>\n<p>[\/et_pb_image][\/et_pb_column][\/et_pb_row][et_pb_row disabled_on=\u00a0\u00bbon|on|on\u00a0\u00bb _builder_version=\u00a0\u00bb4.18.0&Prime; _module_preset=\u00a0\u00bbdefault\u00a0\u00bb custom_margin=\u00a0\u00bb||60px||false|false\u00a0\u00bb custom_margin_tablet=\u00a0\u00bb||0px||false|false\u00a0\u00bb custom_margin_phone=\u00a0\u00bb||0px||false|false\u00a0\u00bb custom_margin_last_edited=\u00a0\u00bbon|tablet\u00a0\u00bb custom_padding=\u00a0\u00bb||0px|||\u00a0\u00bb disabled=\u00a0\u00bbon\u00a0\u00bb collapsed=\u00a0\u00bbon\u00a0\u00bb global_colors_info=\u00a0\u00bb{}\u00a0\u00bb][et_pb_column type=\u00a0\u00bb4_4&Prime; _builder_version=\u00a0\u00bb4.16&Prime; _module_preset=\u00a0\u00bbdefault\u00a0\u00bb global_colors_info=\u00a0\u00bb{}\u00a0\u00bb][et_pb_text admin_label=\u00a0\u00bbH2 &#8211; Des essences de bois s\u00e9lectionn\u00e9es\u00a0\u00bb _builder_version=\u00a0\u00bb4.20.4&Prime; _module_preset=\u00a0\u00bbdefault\u00a0\u00bb header_text_align=\u00a0\u00bbcenter\u00a0\u00bb header_2_text_align=\u00a0\u00bbcenter\u00a0\u00bb global_colors_info=\u00a0\u00bb{}\u00a0\u00bb]<\/p>\n<h2>Des essences de bois s\u00e9lectionn\u00e9es<\/h2>\n<p>[\/et_pb_text][et_pb_text _builder_version=\u00a0\u00bb4.20.4&Prime; _module_preset=\u00a0\u00bbdefault\u00a0\u00bb global_colors_info=\u00a0\u00bb{}\u00a0\u00bb]<\/p>\n<p><span style=\"font-weight: 400;\">Pour vous assurer une <\/span><b>solution de chauffage<\/b><span style=\"font-weight: 400;\"> la plus <\/span><b>efficace et rentable<\/b><span style=\"font-weight: 400;\"> possible, nous vous proposons un <\/span><b>m\u00e9lange de bois <\/b><span style=\"font-weight: 400;\">compos\u00e9 \u00e0 :\u00a0<\/span><\/p>\n<ul>\n<li style=\"font-weight: 400;\" aria-level=\"1\"><b>80% de ch\u00e2taignier<\/b><\/li>\n<li style=\"font-weight: 400;\" aria-level=\"1\"><b>20% de ch\u00eane et de charme.\u00a0\u00a0<\/b><\/li>\n<\/ul>\n<p><span style=\"font-weight: 400;\">Ces trois <\/span><b>essences de bois<\/b><span style=\"font-weight: 400;\"> poss\u00e8dent un <\/span><b>fort pouvoir calorifique<\/b><span style=\"font-weight: 400;\">, c&rsquo;est-\u00e0-dire qu\u2019elles d\u00e9gagent une chaleur importante lors de leur combustion.\u00a0<\/span><span style=\"font-weight: 400;\">Le ch\u00eane est un <\/span><b>combustible<\/b><span style=\"font-weight: 400;\"> tr\u00e8s r\u00e9pandu, mais c\u2019est aussi un arbre qui se fait de plus en plus rare. C\u2019est pourquoi chez A Max de Bois, nous lui pr\u00e9f\u00e9rons le ch\u00e2taignier, qui offre un <\/span><b>meilleur<\/b> <b>rapport qualit\u00e9 \/ prix<\/b><span style=\"font-weight: 400;\">.<\/span><\/p>\n<p>[\/et_pb_text][\/et_pb_column][\/et_pb_row][et_pb_row disabled_on=\u00a0\u00bbon|on|on\u00a0\u00bb _builder_version=\u00a0\u00bb4.18.0&Prime; _module_preset=\u00a0\u00bbdefault\u00a0\u00bb disabled=\u00a0\u00bbon\u00a0\u00bb collapsed=\u00a0\u00bbon\u00a0\u00bb global_colors_info=\u00a0\u00bb{}\u00a0\u00bb][et_pb_column type=\u00a0\u00bb4_4&Prime; _builder_version=\u00a0\u00bb4.18.0&Prime; _module_preset=\u00a0\u00bbdefault\u00a0\u00bb global_colors_info=\u00a0\u00bb{}\u00a0\u00bb][et_pb_button button_url=\u00a0\u00bb#contact\u00a0\u00bb button_text=\u00a0\u00bbContactez-nous\u00a0\u00bb button_alignment=\u00a0\u00bbcenter\u00a0\u00bb _builder_version=\u00a0\u00bb4.18.0&Prime; _module_preset=\u00a0\u00bbdefault\u00a0\u00bb global_colors_info=\u00a0\u00bb{}\u00a0\u00bb]<\/p>\n<p><\/p>\n<p>[\/et_pb_button][\/et_pb_column][\/et_pb_row][\/et_pb_section][et_pb_section bb_built=\u00a0\u00bb1&Prime; _builder_version=\u00a0\u00bb4.20.4&Prime; _module_preset=\u00a0\u00bbdefault\u00a0\u00bb custom_margin=\u00a0\u00bb0px||||false|false\u00a0\u00bb custom_padding=\u00a0\u00bb0px||||false|false\u00a0\u00bb global_colors_info=\u00a0\u00bb{}\u00a0\u00bb prev_background_color=\u00a0\u00bb#000000&Prime; next_background_color=\u00a0\u00bb#000000&Prime;][et_pb_row column_structure=\u00a0\u00bb1_2,1_2&Prime; _builder_version=\u00a0\u00bb4.20.4&Prime; _module_preset=\u00a0\u00bbdefault\u00a0\u00bb max_width=\u00a0\u00bb1000px\u00a0\u00bb module_alignment=\u00a0\u00bbcenter\u00a0\u00bb global_colors_info=\u00a0\u00bb{}\u00a0\u00bb][et_pb_column type=\u00a0\u00bb1_2&Prime; _builder_version=\u00a0\u00bb4.20.4&Prime; _module_preset=\u00a0\u00bbdefault\u00a0\u00bb global_colors_info=\u00a0\u00bb{}\u00a0\u00bb][et_pb_text admin_label=\u00a0\u00bbH2 &#8211; Du bois de chauffage issu de for\u00eats fran\u00e7aises durables\u00a0\u00bb _builder_version=\u00a0\u00bb4.20.4&Prime; _module_preset=\u00a0\u00bbdefault\u00a0\u00bb header_text_align=\u00a0\u00bbcenter\u00a0\u00bb header_2_text_align=\u00a0\u00bbcenter\u00a0\u00bb global_colors_info=\u00a0\u00bb{}\u00a0\u00bb]<\/p>\n<h2>Du bois de chauffage issu de for\u00eats fran\u00e7aises durables<\/h2>\n<p>[\/et_pb_text][et_pb_text _builder_version=\u00a0\u00bb4.20.4&Prime; _module_preset=\u00a0\u00bbdefault\u00a0\u00bb global_colors_info=\u00a0\u00bb{}\u00a0\u00bb]<\/p>\n<p><b>A Max de Bois de Chauffage<\/b><span style=\"font-weight: 400;\"> est une <\/span><b>entreprise vend\u00e9enne<\/b><span style=\"font-weight: 400;\"> sp\u00e9cialis\u00e9e dans la vente de bois de chauffage pour <\/span><b>particuliers et professionnels<\/b><span style=\"font-weight: 400;\">.\u00a0<\/span><\/p>\n<p><span style=\"font-weight: 400;\">Passionn\u00e9 par la nature et les essences de bois depuis son enfance, Maxime DURAND met son expertise \u00e0 votre service et vous propose du <\/span><b>bois fran\u00e7ais<\/b><span style=\"font-weight: 400;\"> issu de <\/span><b>for\u00eats g\u00e9r\u00e9es durablement<\/b><span style=\"font-weight: 400;\">.\u00a0<\/span><\/p>\n<p><span style=\"font-weight: 400;\">Pour cela, il travaille exclusivement avec des propri\u00e9taires forestiers renomm\u00e9s et <\/span><b>certifi\u00e9s PEFC<\/b><span style=\"font-weight: 400;\"> (Pan European Forest Certification). Ce label atteste d\u2019une v\u00e9ritable d\u00e9marche <\/span><b>d\u2019entretien des for\u00eats fran\u00e7aises <\/b><span style=\"font-weight: 400;\">(arbres non trait\u00e9s, coupes raisonn\u00e9es, plantations etc.)<\/span><b>.\u00a0<\/b><\/p>\n<p><span style=\"font-weight: 400;\">En achetant chez A Max de Bois de Chauffage, vous participez ainsi \u00e0 l\u2019<\/span><b>\u00e9quilibre forestier<\/b><span style=\"font-weight: 400;\"> et b\u00e9n\u00e9ficiez d\u2019un <\/span><b>moyen de chauffage \u00e9conomique et \u00e9cologique<\/b><span style=\"font-weight: 400;\">. <\/span><\/p>\n<p>[\/et_pb_text][\/et_pb_column][et_pb_column type=\u00a0\u00bb1_2&Prime; _builder_version=\u00a0\u00bb4.20.4&Prime; _module_preset=\u00a0\u00bbdefault\u00a0\u00bb global_colors_info=\u00a0\u00bb{}\u00a0\u00bb][et_pb_text admin_label=\u00a0\u00bbH2 &#8211; Des essences de bois s\u00e9lectionn\u00e9es\u00a0\u00bb _builder_version=\u00a0\u00bb4.27.4&Prime; _module_preset=\u00a0\u00bbdefault\u00a0\u00bb header_text_align=\u00a0\u00bbcenter\u00a0\u00bb header_2_text_align=\u00a0\u00bbcenter\u00a0\u00bb hover_enabled=\u00a0\u00bb0&Prime; global_colors_info=\u00a0\u00bb{}\u00a0\u00bb sticky_enabled=\u00a0\u00bb0&Prime;]<\/p>\n<h2>Des essences de bois s\u00e9lectionn\u00e9es<\/h2>\n<p>[\/et_pb_text][et_pb_text _builder_version=\u00a0\u00bb4.20.4&Prime; _module_preset=\u00a0\u00bbdefault\u00a0\u00bb global_colors_info=\u00a0\u00bb{}\u00a0\u00bb]<\/p>\n<p><span style=\"font-weight: 400;\">Pour vous assurer une <\/span><b>solution de chauffage<\/b><span style=\"font-weight: 400;\"> la plus <\/span><b>efficace et rentable<\/b><span style=\"font-weight: 400;\"> possible, nous vous proposons un <\/span><b>m\u00e9lange de bois <\/b><span style=\"font-weight: 400;\">compos\u00e9 <\/span><b>de ch\u00e2taignier, <\/b><b>de ch\u00eane et de charme <\/b><em>(Pourcentage selon arrivage).<\/em><\/p>\n<p><span style=\"font-weight: 400;\">Ces trois <\/span><b>essences de bois<\/b><span style=\"font-weight: 400;\"> poss\u00e8dent un <\/span><b>fort pouvoir calorifique<\/b><span style=\"font-weight: 400;\">, c&rsquo;est-\u00e0-dire qu\u2019elles d\u00e9gagent une chaleur importante lors de leur combustion.\u00a0<\/span><span style=\"font-weight: 400;\">Le ch\u00eane est un <\/span><b>combustible<\/b><span style=\"font-weight: 400;\"> tr\u00e8s r\u00e9pandu, mais c\u2019est aussi un arbre qui se fait de plus en plus rare. C\u2019est pourquoi chez A Max de Bois, nous lui pr\u00e9f\u00e9rons le ch\u00e2taignier, qui offre un <\/span><b>meilleur<\/b> <b>rapport qualit\u00e9 \/ prix<\/b><span style=\"font-weight: 400;\">.<\/span><\/p>\n<p>[\/et_pb_text][\/et_pb_column][\/et_pb_row][\/et_pb_section][et_pb_section bb_built=\u00a0\u00bb1&Prime; _builder_version=\u00a0\u00bb4.20.4&Prime; _module_preset=\u00a0\u00bbdefault\u00a0\u00bb max_width=\u00a0\u00bb1200px\u00a0\u00bb module_alignment=\u00a0\u00bbcenter\u00a0\u00bb custom_margin=\u00a0\u00bb0px||||false|false\u00a0\u00bb custom_padding=\u00a0\u00bb0px||||false|false\u00a0\u00bb global_colors_info=\u00a0\u00bb{}\u00a0\u00bb prev_background_color=\u00a0\u00bb#000000&Prime; next_background_color=\u00a0\u00bb#000000&Prime;][et_pb_row _builder_version=\u00a0\u00bb4.20.4&Prime; _module_preset=\u00a0\u00bbdefault\u00a0\u00bb custom_margin=\u00a0\u00bb||0px||false|false\u00a0\u00bb global_colors_info=\u00a0\u00bb{}\u00a0\u00bb][et_pb_column type=\u00a0\u00bb4_4&Prime; _builder_version=\u00a0\u00bb4.16&Prime; _module_preset=\u00a0\u00bbdefault\u00a0\u00bb global_colors_info=\u00a0\u00bb{}\u00a0\u00bb][et_pb_text admin_label=\u00a0\u00bbH3 &#8211; En savoir plus sur nos essences de bois de chauffage\u00a0\u00bb _builder_version=\u00a0\u00bb4.20.4&Prime; _module_preset=\u00a0\u00bbdefault\u00a0\u00bb header_text_align=\u00a0\u00bbcenter\u00a0\u00bb header_2_text_align=\u00a0\u00bbcenter\u00a0\u00bb header_3_text_align=\u00a0\u00bbcenter\u00a0\u00bb global_colors_info=\u00a0\u00bb{}\u00a0\u00bb]<\/p>\n<h3 style=\"text-align: center;\">En savoir plus sur nos essences de bois de chauffage<\/h3>\n<p>[\/et_pb_text][\/et_pb_column][\/et_pb_row][et_pb_row column_structure=\u00a0\u00bb1_3,1_3,1_3&Prime; module_class=\u00a0\u00bbphotos_home\u00a0\u00bb _builder_version=\u00a0\u00bb4.20.4&Prime; _dynamic_attributes=\u00a0\u00bblink_option_url\u00a0\u00bb _module_preset=\u00a0\u00bbdefault\u00a0\u00bb custom_margin=\u00a0\u00bb0px||50px||false|false\u00a0\u00bb custom_padding=\u00a0\u00bb0px||50px||false|false\u00a0\u00bb link_option_url=\u00a0\u00bb@ET-DC@eyJkeW5hbWljIjp0cnVlLCJjb250ZW50IjoicG9zdF9saW5rX3VybF9wYWdlIiwic2V0dGluZ3MiOnsicG9zdF9pZCI6IjI2MCJ9fQ==@\u00a0\u00bb global_colors_info=\u00a0\u00bb{}\u00a0\u00bb][et_pb_column type=\u00a0\u00bb1_3&Prime; admin_label=\u00a0\u00bbCh\u00e2taignier\u00a0\u00bb _builder_version=\u00a0\u00bb4.20.4&Prime; _dynamic_attributes=\u00a0\u00bblink_option_url\u00a0\u00bb _module_preset=\u00a0\u00bbdefault\u00a0\u00bb link_option_url=\u00a0\u00bb@ET-DC@eyJkeW5hbWljIjp0cnVlLCJjb250ZW50IjoicG9zdF9saW5rX3VybF9wYWdlIiwic2V0dGluZ3MiOnsicG9zdF9pZCI6IjI2MCJ9fQ==@\u00a0\u00bb global_colors_info=\u00a0\u00bb{}\u00a0\u00bb][et_pb_image src=\u00a0\u00bbhttps:\/\/www.amaxdeboisdechauffage.fr\/storage\/2023\/04\/chataignier-bois-de-chauffage-vendee.jpg\u00a0\u00bb alt=\u00a0\u00bbBois de chauffage Ch\u00e2taignier\u00a0\u00bb title_text=\u00a0\u00bbchataignier-bois-de-chauffage-vendee\u00a0\u00bb _builder_version=\u00a0\u00bb4.20.4&Prime; _module_preset=\u00a0\u00bbdefault\u00a0\u00bb global_colors_info=\u00a0\u00bb{}\u00a0\u00bb]<\/p>\n<p><\/p>\n<p>[\/et_pb_image][et_pb_button admin_label=\u00a0\u00bbCh\u00e2taignier\u00a0\u00bb button_url=\u00a0\u00bb@ET-DC@eyJkeW5hbWljIjp0cnVlLCJjb250ZW50IjoicG9zdF9saW5rX3VybF9wYWdlIiwic2V0dGluZ3MiOnsicG9zdF9pZCI6IjI2MCJ9fQ==@\u00a0\u00bb button_text=\u00a0\u00bbCh\u00e2taignier\u00a0\u00bb button_alignment=\u00a0\u00bbcenter\u00a0\u00bb module_class=\u00a0\u00bbinverse\u00a0\u00bb _builder_version=\u00a0\u00bb4.20.4&Prime; _dynamic_attributes=\u00a0\u00bbbutton_url\u00a0\u00bb _module_preset=\u00a0\u00bbdefault\u00a0\u00bb global_colors_info=\u00a0\u00bb{}\u00a0\u00bb]<\/p>\n<p><\/p>\n<p>[\/et_pb_button][\/et_pb_column][et_pb_column type=\u00a0\u00bb1_3&Prime; admin_label=\u00a0\u00bbCh\u00eane\u00a0\u00bb _builder_version=\u00a0\u00bb4.20.4&Prime; _dynamic_attributes=\u00a0\u00bblink_option_url\u00a0\u00bb _module_preset=\u00a0\u00bbdefault\u00a0\u00bb link_option_url=\u00a0\u00bb@ET-DC@eyJkeW5hbWljIjp0cnVlLCJjb250ZW50IjoicG9zdF9saW5rX3VybF9wYWdlIiwic2V0dGluZ3MiOnsicG9zdF9pZCI6IjIwIn19@\u00a0\u00bb global_colors_info=\u00a0\u00bb{}\u00a0\u00bb][et_pb_image src=\u00a0\u00bbhttps:\/\/www.amaxdeboisdechauffage.fr\/storage\/2023\/04\/chene-bois-de-chauffage-vendee.jpg\u00a0\u00bb alt=\u00a0\u00bbBois de chauffage Ch\u00eane\u00a0\u00bb title_text=\u00a0\u00bbchene-bois-de-chauffage-vendee\u00a0\u00bb _builder_version=\u00a0\u00bb4.20.4&Prime; _module_preset=\u00a0\u00bbdefault\u00a0\u00bb global_colors_info=\u00a0\u00bb{}\u00a0\u00bb]<\/p>\n<p><\/p>\n<p>[\/et_pb_image][et_pb_button admin_label=\u00a0\u00bbCh\u00eane\u00a0\u00bb button_url=\u00a0\u00bb@ET-DC@eyJkeW5hbWljIjp0cnVlLCJjb250ZW50IjoicG9zdF9saW5rX3VybF9wYWdlIiwic2V0dGluZ3MiOnsicG9zdF9pZCI6IjIwIn19@\u00a0\u00bb button_text=\u00a0\u00bbCh\u00eane\u00a0\u00bb button_alignment=\u00a0\u00bbcenter\u00a0\u00bb module_class=\u00a0\u00bbinverse\u00a0\u00bb _builder_version=\u00a0\u00bb4.20.4&Prime; _dynamic_attributes=\u00a0\u00bbbutton_url\u00a0\u00bb _module_preset=\u00a0\u00bbdefault\u00a0\u00bb global_colors_info=\u00a0\u00bb{}\u00a0\u00bb]<\/p>\n<p><\/p>\n<p>[\/et_pb_button][\/et_pb_column][et_pb_column type=\u00a0\u00bb1_3&Prime; admin_label=\u00a0\u00bbCharme\u00a0\u00bb _builder_version=\u00a0\u00bb4.20.4&Prime; _dynamic_attributes=\u00a0\u00bblink_option_url\u00a0\u00bb _module_preset=\u00a0\u00bbdefault\u00a0\u00bb link_option_url=\u00a0\u00bb@ET-DC@eyJkeW5hbWljIjp0cnVlLCJjb250ZW50IjoicG9zdF9saW5rX3VybF9wYWdlIiwic2V0dGluZ3MiOnsicG9zdF9pZCI6IjMwMCJ9fQ==@\u00a0\u00bb global_colors_info=\u00a0\u00bb{}\u00a0\u00bb][et_pb_image src=\u00a0\u00bbhttps:\/\/www.amaxdeboisdechauffage.fr\/storage\/2023\/04\/charme-bois-de-chauffage-vendee.jpg\u00a0\u00bb alt=\u00a0\u00bbBois de chauffage Charme\u00a0\u00bb title_text=\u00a0\u00bbcharme-bois-de-chauffage-vendee\u00a0\u00bb _builder_version=\u00a0\u00bb4.20.4&Prime; _module_preset=\u00a0\u00bbdefault\u00a0\u00bb global_colors_info=\u00a0\u00bb{}\u00a0\u00bb]<\/p>\n<p><\/p>\n<p>[\/et_pb_image][et_pb_button admin_label=\u00a0\u00bbCharme\u00a0\u00bb button_url=\u00a0\u00bb@ET-DC@eyJkeW5hbWljIjp0cnVlLCJjb250ZW50IjoicG9zdF9saW5rX3VybF9wYWdlIiwic2V0dGluZ3MiOnsicG9zdF9pZCI6IjMwMCJ9fQ==@\u00a0\u00bb button_text=\u00a0\u00bbCharme\u00a0\u00bb button_alignment=\u00a0\u00bbcenter\u00a0\u00bb module_class=\u00a0\u00bbinverse\u00a0\u00bb _builder_version=\u00a0\u00bb4.20.4&Prime; _dynamic_attributes=\u00a0\u00bbbutton_url\u00a0\u00bb _module_preset=\u00a0\u00bbdefault\u00a0\u00bb global_colors_info=\u00a0\u00bb{}\u00a0\u00bb]<\/p>\n<p><\/p>\n<p>[\/et_pb_button][\/et_pb_column][\/et_pb_row][et_pb_row _builder_version=\u00a0\u00bb4.20.4&Prime; _module_preset=\u00a0\u00bbdefault\u00a0\u00bb max_width=\u00a0\u00bb1000px\u00a0\u00bb module_alignment=\u00a0\u00bbcenter\u00a0\u00bb custom_margin=\u00a0\u00bb||60px||false|false\u00a0\u00bb custom_margin_tablet=\u00a0\u00bb50px||0px||false|false\u00a0\u00bb custom_margin_phone=\u00a0\u00bb||0px||false|false\u00a0\u00bb custom_margin_last_edited=\u00a0\u00bbon|tablet\u00a0\u00bb custom_padding=\u00a0\u00bb||0px|||\u00a0\u00bb global_colors_info=\u00a0\u00bb{}\u00a0\u00bb][et_pb_column type=\u00a0\u00bb4_4&Prime; _builder_version=\u00a0\u00bb4.16&Prime; _module_preset=\u00a0\u00bbdefault\u00a0\u00bb global_colors_info=\u00a0\u00bb{}\u00a0\u00bb][et_pb_text admin_label=\u00a0\u00bbH2 &#8211; Un service de qualit\u00e9 et de proximit\u00e9\u00a0\u00bb _builder_version=\u00a0\u00bb4.20.4&Prime; _module_preset=\u00a0\u00bbdefault\u00a0\u00bb header_text_align=\u00a0\u00bbcenter\u00a0\u00bb header_2_text_align=\u00a0\u00bbcenter\u00a0\u00bb global_colors_info=\u00a0\u00bb{}\u00a0\u00bb]<\/p>\n<h2 style=\"text-align: center;\">Un service de qualit\u00e9 et de proximit\u00e9<\/h2>\n<p>[\/et_pb_text][et_pb_image src=\u00a0\u00bbhttps:\/\/www.amaxdeboisdechauffage.fr\/storage\/2023\/04\/a-max-de-bois-de-chauffage-livraison-vendee.jpg\u00a0\u00bb alt=\u00a0\u00bbLivraison de bois de chauffage en camion\u00a0\u00bb title_text=\u00a0\u00bba-max-de-bois-de-chauffage-livraison-vendee\u00a0\u00bb align=\u00a0\u00bbcenter\u00a0\u00bb _builder_version=\u00a0\u00bb4.20.4&Prime; _module_preset=\u00a0\u00bbdefault\u00a0\u00bb max_width=\u00a0\u00bb1000px\u00a0\u00bb module_alignment=\u00a0\u00bbcenter\u00a0\u00bb border_radii=\u00a0\u00bbon|20px|20px|20px|20px\u00a0\u00bb global_colors_info=\u00a0\u00bb{}\u00a0\u00bb]<\/p>\n<p><\/p>\n<p>[\/et_pb_image][et_pb_text _builder_version=\u00a0\u00bb4.20.4&Prime; _module_preset=\u00a0\u00bbdefault\u00a0\u00bb global_colors_info=\u00a0\u00bb{}\u00a0\u00bb]<\/p>\n<p><span style=\"font-weight: 400;\">Forts d\u2019un v\u00e9ritable savoir-faire, nous vous accompagnons dans la <\/span><b>s\u00e9lection<\/b><span style=\"font-weight: 400;\"> et la <\/span><b>conservation<\/b><span style=\"font-weight: 400;\"> de votre bois de chauffage.\u00a0<\/span><\/p>\n<p><span style=\"font-weight: 400;\">Au moment de votre achat, nous vous renseignons sur les essences que nous s\u00e9lectionnons. Nous vous guidons \u00e9galement sur <\/span><b>la taille des b\u00fbches<\/b><span style=\"font-weight: 400;\"> et <\/span><b>les quantit\u00e9s de bois<\/b><span style=\"font-weight: 400;\"> \u00e0 pr\u00e9voir en fonction de votre foyer et de l\u2019espace \u00e0 chauffer.<\/span><\/p>\n<p><span style=\"font-weight: 400;\">Lors de la livraison, vous saurez quels sont les <\/span><b>lots \u00e0 utiliser en priorit\u00e9 <\/b><span style=\"font-weight: 400;\">en fonction de leur niveau d\u2019humidit\u00e9. Enfin, nous vous confions quelques <\/span><b>bonnes pratiques de stockage<\/b><span style=\"font-weight: 400;\"> pour une conservation optimale de votre bois de chauffage.<\/span><\/p>\n<p>[\/et_pb_text][\/et_pb_column][\/et_pb_row][et_pb_row _builder_version=\u00a0\u00bb4.20.4&Prime; _module_preset=\u00a0\u00bbdefault\u00a0\u00bb custom_margin=\u00a0\u00bb||60px||false|false\u00a0\u00bb custom_margin_tablet=\u00a0\u00bb50px||0px||false|false\u00a0\u00bb custom_margin_phone=\u00a0\u00bb||0px||false|false\u00a0\u00bb custom_margin_last_edited=\u00a0\u00bbon|tablet\u00a0\u00bb custom_padding=\u00a0\u00bb||0px|||\u00a0\u00bb global_colors_info=\u00a0\u00bb{}\u00a0\u00bb][et_pb_column type=\u00a0\u00bb4_4&Prime; _builder_version=\u00a0\u00bb4.16&Prime; _module_preset=\u00a0\u00bbdefault\u00a0\u00bb global_colors_info=\u00a0\u00bb{}\u00a0\u00bb][et_pb_text admin_label=\u00a0\u00bbH2 &#8211; Paiement et livraison de votre bois de chauffage \u00a0\u00bb _builder_version=\u00a0\u00bb4.20.4&Prime; _module_preset=\u00a0\u00bbdefault\u00a0\u00bb header_text_align=\u00a0\u00bbcenter\u00a0\u00bb header_2_text_align=\u00a0\u00bbcenter\u00a0\u00bb global_colors_info=\u00a0\u00bb{}\u00a0\u00bb]<\/p>\n<h2 style=\"text-align: center;\">Paiement et livraison de votre bois de chauffage\u00a0<\/h2>\n<p>[\/et_pb_text][et_pb_text _builder_version=\u00a0\u00bb4.20.4&Prime; _module_preset=\u00a0\u00bbdefault\u00a0\u00bb global_colors_info=\u00a0\u00bb{}\u00a0\u00bb]<\/p>\n<p style=\"text-align: center;\"><span style=\"font-weight: 400;\">Notre \u00e9quipe <\/span><b>se d\u00e9place \u00e0 votre domicile<\/b><span style=\"font-weight: 400;\"> ou local professionnel et s\u2019engage \u00e0 vous<\/span><b> livrer sous 15 jours<\/b><span style=\"font-weight: 400;\">.<\/span><\/p>\n<p>[\/et_pb_text][\/et_pb_column][\/et_pb_row][et_pb_row admin_label=\u00a0\u00bbServices\u00a0\u00bb disabled_on=\u00a0\u00bboff|off|off\u00a0\u00bb module_class=\u00a0\u00bbservices\u00a0\u00bb _builder_version=\u00a0\u00bb4.20.4&Prime; _module_preset=\u00a0\u00bbdefault\u00a0\u00bb collapsed=\u00a0\u00bboff\u00a0\u00bb global_colors_info=\u00a0\u00bb{}\u00a0\u00bb][et_pb_column type=\u00a0\u00bb4_4&Prime; _builder_version=\u00a0\u00bb4.20.4&Prime; _module_preset=\u00a0\u00bbdefault\u00a0\u00bb custom_padding_tablet=\u00a0\u00bb||50px||false|false\u00a0\u00bb custom_padding_phone=\u00a0\u00bb||50px||false|false\u00a0\u00bb custom_padding_last_edited=\u00a0\u00bbon|tablet\u00a0\u00bb global_colors_info=\u00a0\u00bb{}\u00a0\u00bb][et_pb_text _builder_version=\u00a0\u00bb4.20.4&Prime; _module_preset=\u00a0\u00bbdefault\u00a0\u00bb text_text_color=\u00a0\u00bb#f9f3e3&Prime; header_3_text_color=\u00a0\u00bb#f9f3e3&Prime; global_colors_info=\u00a0\u00bb{}\u00a0\u00bb]<\/p>\n<h3><b>Paiement \u00e0 la livraison\u00a0<\/b><\/h3>\n<p><span style=\"font-weight: 400;\">Afin de vous garantir un <\/span><b>achat le plus s\u00fbr possible<\/b><span style=\"font-weight: 400;\">, nous n\u2019acceptons le r\u00e8glement de votre commande qu\u2019\u00e0 sa r\u00e9ception, le jour de la livraison.<\/span><\/p>\n<p>&nbsp;<\/p>\n<h3><b>Livraison de bois en vrac<\/b><\/h3>\n<p><span style=\"font-weight: 400;\">Le bois que nous vendons est <\/span><b>conditionn\u00e9 en vrac et livr\u00e9 par camion. <\/b><span style=\"font-weight: 400;\">Avant notre venue, assurez-vous que la <\/span><b>zone de d\u00e9chargement <\/b><span style=\"font-weight: 400;\">est <\/span><b>accessible<\/b><span style=\"font-weight: 400;\"> pour le v\u00e9hicule et assez <\/span><b>grande<\/b><span style=\"font-weight: 400;\"> pour recevoir la totalit\u00e9 du bois command\u00e9.<\/span><\/p>\n<p><span style=\"font-weight: 400;\">Dans la mesure du possible, nous vous recommandons que cette zone se situe <\/span><b>au plus pr\u00e8s de votre lieu de stockage<\/b><span style=\"font-weight: 400;\">. Veillez \u00e9galement \u00e0 retirer les pots de fleurs et tout ce qui pourrait \u00eatre cass\u00e9 par des chutes de bois.\u00a0<\/span><\/p>\n<p><span style=\"font-weight: 400;\">Enfin, nous vous conseillons <\/span><b>d\u2019\u00e9taler une b\u00e2che au sol<\/b><span style=\"font-weight: 400;\"> afin de le prot\u00e9ger et de garder votre bois intact. Vous pourrez ainsi retirer d\u2019un simple geste les \u00e9corces, les sciures et les \u00e9clats de bois d\u00e9vers\u00e9s en m\u00eame temps que les b\u00fbches.<\/span><\/p>\n<p><span style=\"font-weight: 400;\">Pour toute question concernant la commande, le paiement et la livraison de votre bois de chauffage, <\/span><b>contactez-nous directement.<\/b><span style=\"font-weight: 400;\"> Notre \u00e9quipe est \u00e0 votre \u00e9coute et vous guide pas \u00e0 pas. <\/span><\/p>\n<p>[\/et_pb_text][\/et_pb_column][\/et_pb_row][et_pb_row admin_label=\u00a0\u00bbServices\u00a0\u00bb column_structure=\u00a0\u00bb1_3,1_3,1_3&Prime; disabled_on=\u00a0\u00bbon|on|on\u00a0\u00bb module_class=\u00a0\u00bbservices\u00a0\u00bb _builder_version=\u00a0\u00bb4.18.0&Prime; _module_preset=\u00a0\u00bbdefault\u00a0\u00bb disabled=\u00a0\u00bbon\u00a0\u00bb collapsed=\u00a0\u00bbon\u00a0\u00bb global_colors_info=\u00a0\u00bb{}\u00a0\u00bb][et_pb_column type=\u00a0\u00bb1_3&Prime; _builder_version=\u00a0\u00bb4.18.0&Prime; _module_preset=\u00a0\u00bbdefault\u00a0\u00bb custom_padding_tablet=\u00a0\u00bb||50px||false|false\u00a0\u00bb custom_padding_phone=\u00a0\u00bb||50px||false|false\u00a0\u00bb custom_padding_last_edited=\u00a0\u00bbon|tablet\u00a0\u00bb global_colors_info=\u00a0\u00bb{}\u00a0\u00bb][et_pb_blurb admin_label=\u00a0\u00bbCh\u00e2taignier\u00a0\u00bb title=\u00a0\u00bbCh\u00e2taignier\u00a0\u00bb image=\u00a0\u00bbhttps:\/\/www.amaxdeboisdechauffage.fr\/storage\/2023\/04\/Composant-2-\u2013-1.svg\u00a0\u00bb _builder_version=\u00a0\u00bb4.20.4&Prime; _module_preset=\u00a0\u00bbdefault\u00a0\u00bb header_text_align=\u00a0\u00bbcenter\u00a0\u00bb text_orientation=\u00a0\u00bbcenter\u00a0\u00bb global_colors_info=\u00a0\u00bb{}\u00a0\u00bb]<\/p>\n<p><\/p>\n<p>[\/et_pb_blurb][\/et_pb_column][et_pb_column type=\u00a0\u00bb1_3&Prime; _builder_version=\u00a0\u00bb4.18.0&Prime; _module_preset=\u00a0\u00bbdefault\u00a0\u00bb global_colors_info=\u00a0\u00bb{}\u00a0\u00bb][et_pb_blurb admin_label=\u00a0\u00bbCh\u00eane\u00a0\u00bb title=\u00a0\u00bbCh\u00eane\u00a0\u00bb image=\u00a0\u00bbhttps:\/\/www.amaxdeboisdechauffage.fr\/storage\/2023\/04\/Groupe-48.svg\u00a0\u00bb _builder_version=\u00a0\u00bb4.20.4&Prime; _module_preset=\u00a0\u00bbdefault\u00a0\u00bb header_text_align=\u00a0\u00bbcenter\u00a0\u00bb text_orientation=\u00a0\u00bbcenter\u00a0\u00bb global_colors_info=\u00a0\u00bb{}\u00a0\u00bb]<\/p>\n<p><\/p>\n<p>[\/et_pb_blurb][\/et_pb_column][et_pb_column type=\u00a0\u00bb1_3&Prime; _builder_version=\u00a0\u00bb4.18.0&Prime; _module_preset=\u00a0\u00bbdefault\u00a0\u00bb global_colors_info=\u00a0\u00bb{}\u00a0\u00bb][et_pb_blurb admin_label=\u00a0\u00bbCharme\u00a0\u00bb title=\u00a0\u00bbCharme\u00a0\u00bb image=\u00a0\u00bbhttps:\/\/www.amaxdeboisdechauffage.fr\/storage\/2023\/04\/Groupe-48.svg\u00a0\u00bb _builder_version=\u00a0\u00bb4.20.4&Prime; _module_preset=\u00a0\u00bbdefault\u00a0\u00bb header_text_align=\u00a0\u00bbcenter\u00a0\u00bb text_orientation=\u00a0\u00bbcenter\u00a0\u00bb global_colors_info=\u00a0\u00bb{}\u00a0\u00bb]<\/p>\n<p><\/p>\n<p>[\/et_pb_blurb][\/et_pb_column][\/et_pb_row][\/et_pb_section][et_pb_section bb_built=\u00a0\u00bb1&Prime; disabled_on=\u00a0\u00bboff|off|off\u00a0\u00bb _builder_version=\u00a0\u00bb4.20.4&Prime; _module_preset=\u00a0\u00bbdefault\u00a0\u00bb max_width=\u00a0\u00bb1200px\u00a0\u00bb module_alignment=\u00a0\u00bbcenter\u00a0\u00bb custom_margin=\u00a0\u00bb||80px||false|false\u00a0\u00bb custom_padding=\u00a0\u00bb||||false|false\u00a0\u00bb locked=\u00a0\u00bboff\u00a0\u00bb collapsed=\u00a0\u00bboff\u00a0\u00bb global_colors_info=\u00a0\u00bb{}\u00a0\u00bb prev_background_color=\u00a0\u00bb#000000&Prime; global_module=\u00a0\u00bb468&Prime;][et_pb_row admin_label=\u00a0\u00bbServices\u00a0\u00bb global_parent=\u00a0\u00bb468&Prime; module_class=\u00a0\u00bbservices\u00a0\u00bb _builder_version=\u00a0\u00bb4.20.4&Prime; _module_preset=\u00a0\u00bbdefault\u00a0\u00bb module_alignment=\u00a0\u00bbcenter\u00a0\u00bb global_colors_info=\u00a0\u00bb{}\u00a0\u00bb][et_pb_column type=\u00a0\u00bb4_4&Prime; global_parent=\u00a0\u00bb468&Prime; _builder_version=\u00a0\u00bb4.18.0&Prime; _module_preset=\u00a0\u00bbdefault\u00a0\u00bb custom_padding_tablet=\u00a0\u00bb||50px||false|false\u00a0\u00bb custom_padding_phone=\u00a0\u00bb||50px||false|false\u00a0\u00bb custom_padding_last_edited=\u00a0\u00bboff|desktop\u00a0\u00bb global_colors_info=\u00a0\u00bb{}\u00a0\u00bb][et_pb_text global_parent=\u00a0\u00bb468&Prime; module_class=\u00a0\u00bbbigparagraphe\u00a0\u00bb _builder_version=\u00a0\u00bb4.20.4&Prime; _module_preset=\u00a0\u00bbdefault\u00a0\u00bb text_font=\u00a0\u00bb|700|||||||\u00a0\u00bb text_line_height=\u00a0\u00bb1.5em\u00a0\u00bb text_orientation=\u00a0\u00bbcenter\u00a0\u00bb max_width=\u00a0\u00bb800px\u00a0\u00bb module_alignment=\u00a0\u00bbcenter\u00a0\u00bb hover_enabled=\u00a0\u00bb0&Prime; global_colors_info=\u00a0\u00bb{}\u00a0\u00bb sticky_enabled=\u00a0\u00bb0&Prime;]<\/p>\n<p style=\"text-align: center;\">Pour un chauffage efficace et un rendement optimal tout au long de l&rsquo;hiver, anticipez d\u00e8s maintenant le stockage de votre bois pour les mois \u00e0 venir.<\/p>\n<p>[\/et_pb_text][et_pb_button global_parent=\u00a0\u00bb468&Prime; button_url=\u00a0\u00bb@ET-DC@eyJkeW5hbWljIjp0cnVlLCJjb250ZW50IjoicG9zdF9saW5rX3VybF9wYWdlIiwic2V0dGluZ3MiOnsicG9zdF9pZCI6IjI5In19@\u00a0\u00bb button_text=\u00a0\u00bbContactez-nous\u00a0\u00bb button_alignment=\u00a0\u00bbcenter\u00a0\u00bb module_class=\u00a0\u00bbinverse\u00a0\u00bb _builder_version=\u00a0\u00bb4.20.4&Prime; _dynamic_attributes=\u00a0\u00bbbutton_url\u00a0\u00bb _module_preset=\u00a0\u00bbdefault\u00a0\u00bb global_colors_info=\u00a0\u00bb{}\u00a0\u00bb \/][\/et_pb_column][\/et_pb_row][\/et_pb_section]<\/p>\n","protected":false},"excerpt":{"rendered":"<p>Pour un chauffage efficace et un rendement optimal, anticipez le stockage de votre bois d\u00e8s maintenant. A Max de Bois de Chauffage Vous \u00eates \u00e0 la recherche de bois de chauffage de qualit\u00e9 en Vend\u00e9e ? Situ\u00e9 pr\u00e8s de Challans, A Max de Bois de Chauffage vous conseille et assure la livraison de votre bois [&hellip;]<\/p>\n","protected":false},"author":1,"featured_media":257,"parent":0,"menu_order":0,"comment_status":"closed","ping_status":"closed","template":"","meta":{"_et_pb_use_builder":"on","_et_pb_old_content":"","_et_gb_content_width":"","footnotes":""},"class_list":["post-9","page","type-page","status-publish","has-post-thumbnail","hentry"],"yoast_head":"<!-- This site is optimized with the Yoast SEO plugin v26.9 - https:\/\/yoast.com\/product\/yoast-seo-wordpress\/ -->\n<title>A Max de Bois de Chauffage - Achat de bois de chauffage Vend\u00e9e<\/title>\n<meta name=\"description\" content=\"Situ\u00e9 en Vend\u00e9e, A Max de Bois de Chauffage vous conseille et assure la livraison de votre bois de chauffage en moins de 15 jours.\" \/>\n<meta name=\"robots\" content=\"index, follow, max-snippet:-1, max-image-preview:large, max-video-preview:-1\" \/>\n<link rel=\"canonical\" href=\"https:\/\/www.amaxdeboisdechauffage.fr\/\" \/>\n<meta property=\"og:locale\" content=\"fr_FR\" \/>\n<meta property=\"og:type\" content=\"article\" \/>\n<meta property=\"og:title\" content=\"A Max de Bois de Chauffage - Achat de bois de chauffage Vend\u00e9e\" \/>\n<meta property=\"og:description\" content=\"Situ\u00e9 en Vend\u00e9e, A Max de Bois de Chauffage vous conseille et assure la livraison de votre bois de chauffage en moins de 15 jours.\" \/>\n<meta property=\"og:url\" content=\"https:\/\/www.amaxdeboisdechauffage.fr\/\" \/>\n<meta property=\"og:site_name\" content=\"A Max de Bois de Chauffage\" \/>\n<meta property=\"article:modified_time\" content=\"2024-12-03T08:56:58+00:00\" \/>\n<meta property=\"og:image\" content=\"https:\/\/www.amaxdeboisdechauffage.fr\/wp-content\/uploads\/2023\/04\/UP-amaxdeboisdechauffage-01.jpg\" \/>\n\t<meta property=\"og:image:width\" content=\"1200\" \/>\n\t<meta property=\"og:image:height\" content=\"627\" \/>\n\t<meta property=\"og:image:type\" content=\"image\/jpeg\" \/>\n<meta name=\"twitter:card\" content=\"summary_large_image\" \/>\n<meta name=\"twitter:label1\" content=\"Dur\u00e9e de lecture estim\u00e9e\" \/>\n\t<meta name=\"twitter:data1\" content=\"5 minutes\" \/>\n<script type=\"application\/ld+json\" class=\"yoast-schema-graph\">{\"@context\":\"https:\/\/schema.org\",\"@graph\":[{\"@type\":\"WebPage\",\"@id\":\"https:\/\/www.amaxdeboisdechauffage.fr\/\",\"url\":\"https:\/\/www.amaxdeboisdechauffage.fr\/\",\"name\":\"A Max de Bois de Chauffage - Achat de bois de chauffage Vend\u00e9e\",\"isPartOf\":{\"@id\":\"https:\/\/www.amaxdeboisdechauffage.fr\/#website\"},\"primaryImageOfPage\":{\"@id\":\"https:\/\/www.amaxdeboisdechauffage.fr\/#primaryimage\"},\"image\":{\"@id\":\"https:\/\/www.amaxdeboisdechauffage.fr\/#primaryimage\"},\"thumbnailUrl\":\"https:\/\/www.amaxdeboisdechauffage.fr\/wp-content\/uploads\/2023\/04\/UP-amaxdeboisdechauffage-01.jpg\",\"datePublished\":\"2023-04-07T13:35:35+00:00\",\"dateModified\":\"2024-12-03T08:56:58+00:00\",\"description\":\"Situ\u00e9 en Vend\u00e9e, A Max de Bois de Chauffage vous conseille et assure la livraison de votre bois de chauffage en moins de 15 jours.\",\"breadcrumb\":{\"@id\":\"https:\/\/www.amaxdeboisdechauffage.fr\/#breadcrumb\"},\"inLanguage\":\"fr-FR\",\"potentialAction\":[{\"@type\":\"ReadAction\",\"target\":[\"https:\/\/www.amaxdeboisdechauffage.fr\/\"]}]},{\"@type\":\"ImageObject\",\"inLanguage\":\"fr-FR\",\"@id\":\"https:\/\/www.amaxdeboisdechauffage.fr\/#primaryimage\",\"url\":\"https:\/\/www.amaxdeboisdechauffage.fr\/wp-content\/uploads\/2023\/04\/UP-amaxdeboisdechauffage-01.jpg\",\"contentUrl\":\"https:\/\/www.amaxdeboisdechauffage.fr\/wp-content\/uploads\/2023\/04\/UP-amaxdeboisdechauffage-01.jpg\",\"width\":1200,\"height\":627,\"caption\":\"D\u00e9p\u00f4t \\\"A max de bois de chauffage\\\" vu du ciel\"},{\"@type\":\"BreadcrumbList\",\"@id\":\"https:\/\/www.amaxdeboisdechauffage.fr\/#breadcrumb\",\"itemListElement\":[{\"@type\":\"ListItem\",\"position\":1,\"name\":\"Accueil\",\"item\":\"https:\/\/www.amaxdeboisdechauffage.fr\/\"},{\"@type\":\"ListItem\",\"position\":2,\"name\":\"Accueil\"}]},{\"@type\":\"WebSite\",\"@id\":\"https:\/\/www.amaxdeboisdechauffage.fr\/#website\",\"url\":\"https:\/\/www.amaxdeboisdechauffage.fr\/\",\"name\":\"A Max de Bois de Chauffage\",\"description\":\"Bois de chauffage en Vend\u00e9e\",\"potentialAction\":[{\"@type\":\"SearchAction\",\"target\":{\"@type\":\"EntryPoint\",\"urlTemplate\":\"https:\/\/www.amaxdeboisdechauffage.fr\/?s={search_term_string}\"},\"query-input\":{\"@type\":\"PropertyValueSpecification\",\"valueRequired\":true,\"valueName\":\"search_term_string\"}}],\"inLanguage\":\"fr-FR\"}]}<\/script>\n<!-- \/ Yoast SEO plugin. -->","yoast_head_json":{"title":"A Max de Bois de Chauffage - Achat de bois de chauffage Vend\u00e9e","description":"Situ\u00e9 en Vend\u00e9e, A Max de Bois de Chauffage vous conseille et assure la livraison de votre bois de chauffage en moins de 15 jours.","robots":{"index":"index","follow":"follow","max-snippet":"max-snippet:-1","max-image-preview":"max-image-preview:large","max-video-preview":"max-video-preview:-1"},"canonical":"https:\/\/www.amaxdeboisdechauffage.fr\/","og_locale":"fr_FR","og_type":"article","og_title":"A Max de Bois de Chauffage - Achat de bois de chauffage Vend\u00e9e","og_description":"Situ\u00e9 en Vend\u00e9e, A Max de Bois de Chauffage vous conseille et assure la livraison de votre bois de chauffage en moins de 15 jours.","og_url":"https:\/\/www.amaxdeboisdechauffage.fr\/","og_site_name":"A Max de Bois de Chauffage","article_modified_time":"2024-12-03T08:56:58+00:00","og_image":[{"width":1200,"height":627,"url":"https:\/\/www.amaxdeboisdechauffage.fr\/wp-content\/uploads\/2023\/04\/UP-amaxdeboisdechauffage-01.jpg","type":"image\/jpeg"}],"twitter_card":"summary_large_image","twitter_misc":{"Dur\u00e9e de lecture estim\u00e9e":"5 minutes"},"schema":{"@context":"https:\/\/schema.org","@graph":[{"@type":"WebPage","@id":"https:\/\/www.amaxdeboisdechauffage.fr\/","url":"https:\/\/www.amaxdeboisdechauffage.fr\/","name":"A Max de Bois de Chauffage - Achat de bois de chauffage Vend\u00e9e","isPartOf":{"@id":"https:\/\/www.amaxdeboisdechauffage.fr\/#website"},"primaryImageOfPage":{"@id":"https:\/\/www.amaxdeboisdechauffage.fr\/#primaryimage"},"image":{"@id":"https:\/\/www.amaxdeboisdechauffage.fr\/#primaryimage"},"thumbnailUrl":"https:\/\/www.amaxdeboisdechauffage.fr\/wp-content\/uploads\/2023\/04\/UP-amaxdeboisdechauffage-01.jpg","datePublished":"2023-04-07T13:35:35+00:00","dateModified":"2024-12-03T08:56:58+00:00","description":"Situ\u00e9 en Vend\u00e9e, A Max de Bois de Chauffage vous conseille et assure la livraison de votre bois de chauffage en moins de 15 jours.","breadcrumb":{"@id":"https:\/\/www.amaxdeboisdechauffage.fr\/#breadcrumb"},"inLanguage":"fr-FR","potentialAction":[{"@type":"ReadAction","target":["https:\/\/www.amaxdeboisdechauffage.fr\/"]}]},{"@type":"ImageObject","inLanguage":"fr-FR","@id":"https:\/\/www.amaxdeboisdechauffage.fr\/#primaryimage","url":"https:\/\/www.amaxdeboisdechauffage.fr\/wp-content\/uploads\/2023\/04\/UP-amaxdeboisdechauffage-01.jpg","contentUrl":"https:\/\/www.amaxdeboisdechauffage.fr\/wp-content\/uploads\/2023\/04\/UP-amaxdeboisdechauffage-01.jpg","width":1200,"height":627,"caption":"D\u00e9p\u00f4t \"A max de bois de chauffage\" vu du ciel"},{"@type":"BreadcrumbList","@id":"https:\/\/www.amaxdeboisdechauffage.fr\/#breadcrumb","itemListElement":[{"@type":"ListItem","position":1,"name":"Accueil","item":"https:\/\/www.amaxdeboisdechauffage.fr\/"},{"@type":"ListItem","position":2,"name":"Accueil"}]},{"@type":"WebSite","@id":"https:\/\/www.amaxdeboisdechauffage.fr\/#website","url":"https:\/\/www.amaxdeboisdechauffage.fr\/","name":"A Max de Bois de Chauffage","description":"Bois de chauffage en Vend\u00e9e","potentialAction":[{"@type":"SearchAction","target":{"@type":"EntryPoint","urlTemplate":"https:\/\/www.amaxdeboisdechauffage.fr\/?s={search_term_string}"},"query-input":{"@type":"PropertyValueSpecification","valueRequired":true,"valueName":"search_term_string"}}],"inLanguage":"fr-FR"}]}},"_links":{"self":[{"href":"https:\/\/www.amaxdeboisdechauffage.fr\/api\/wp\/v2\/pages\/9","targetHints":{"allow":["GET"]}}],"collection":[{"href":"https:\/\/www.amaxdeboisdechauffage.fr\/api\/wp\/v2\/pages"}],"about":[{"href":"https:\/\/www.amaxdeboisdechauffage.fr\/api\/wp\/v2\/types\/page"}],"author":[{"embeddable":true,"href":"https:\/\/www.amaxdeboisdechauffage.fr\/api\/wp\/v2\/users\/1"}],"replies":[{"embeddable":true,"href":"https:\/\/www.amaxdeboisdechauffage.fr\/api\/wp\/v2\/comments?post=9"}],"version-history":[{"count":80,"href":"https:\/\/www.amaxdeboisdechauffage.fr\/api\/wp\/v2\/pages\/9\/revisions"}],"predecessor-version":[{"id":1504,"href":"https:\/\/www.amaxdeboisdechauffage.fr\/api\/wp\/v2\/pages\/9\/revisions\/1504"}],"wp:featuredmedia":[{"embeddable":true,"href":"https:\/\/www.amaxdeboisdechauffage.fr\/api\/wp\/v2\/media\/257"}],"wp:attachment":[{"href":"https:\/\/www.amaxdeboisdechauffage.fr\/api\/wp\/v2\/media?parent=9"}],"curies":[{"name":"wp","href":"https:\/\/api.w.org\/{rel}","templated":true}]}}