{"id":260,"date":"2023-04-11T15:55:00","date_gmt":"2023-04-11T13:55:00","guid":{"rendered":"https:\/\/www.amaxdeboisdechauffage.fr\/?page_id=260"},"modified":"2023-04-13T12:16:28","modified_gmt":"2023-04-13T10:16:28","slug":"bois-de-chauffage-chataignier","status":"publish","type":"page","link":"https:\/\/www.amaxdeboisdechauffage.fr\/bois-de-chauffage-chataignier\/","title":{"rendered":"Bois de chauffage ch\u00e2taignier"},"content":{"rendered":"<p>[et_pb_section fb_built=\u00a0\u00bb1&Prime; module_class=\u00a0\u00bbsection_header_bandeau\u00a0\u00bb _builder_version=\u00a0\u00bb4.20.4&Prime; _module_preset=\u00a0\u00bbdefault\u00a0\u00bb background_color=\u00a0\u00bb#304c3f\u00a0\u00bb background_image=\u00a0\u00bbhttps:\/\/www.amaxdeboisdechauffage.fr\/wp-content\/uploads\/2023\/04\/amaxdeboisdechauffage-PEFC-durable-vendee-NB-02.jpg\u00a0\u00bb background_blend=\u00a0\u00bboverlay\u00a0\u00bb custom_padding=\u00a0\u00bb0px||||false|false\u00a0\u00bb global_colors_info=\u00a0\u00bb{}\u00a0\u00bb][et_pb_row _builder_version=\u00a0\u00bb4.20.4&Prime; _module_preset=\u00a0\u00bbdefault\u00a0\u00bb width=\u00a0\u00bb100%\u00a0\u00bb max_width=\u00a0\u00bb2560px\u00a0\u00bb global_colors_info=\u00a0\u00bb{}\u00a0\u00bb][et_pb_column type=\u00a0\u00bb4_4&Prime; _builder_version=\u00a0\u00bb4.16&Prime; _module_preset=\u00a0\u00bbdefault\u00a0\u00bb global_colors_info=\u00a0\u00bb{}\u00a0\u00bb][et_pb_post_title meta=\u00a0\u00bboff\u00a0\u00bb featured_image=\u00a0\u00bboff\u00a0\u00bb module_class=\u00a0\u00bbtitre_page\u00a0\u00bb _builder_version=\u00a0\u00bb4.20.4&Prime; _module_preset=\u00a0\u00bbdefault\u00a0\u00bb custom_margin=\u00a0\u00bb||15px||false|false\u00a0\u00bb custom_padding=\u00a0\u00bb||0px||false|false\u00a0\u00bb global_colors_info=\u00a0\u00bb{}\u00a0\u00bb][\/et_pb_post_title][et_pb_text _builder_version=\u00a0\u00bb4.20.4&Prime; _module_preset=\u00a0\u00bbdefault\u00a0\u00bb text_text_color=\u00a0\u00bb#f9f3e3&Prime; max_width=\u00a0\u00bb85%\u00a0\u00bb module_alignment=\u00a0\u00bbcenter\u00a0\u00bb custom_margin=\u00a0\u00bb0px||||false|false\u00a0\u00bb custom_padding=\u00a0\u00bb0px||||false|false\u00a0\u00bb global_colors_info=\u00a0\u00bb{}\u00a0\u00bb]<\/p>\n<p style=\"text-align: center;\"><span style=\"font-weight: 400;\">A Max de Bois de Chauffage vous propose du<\/span><b> bois de chauffage ch\u00e2taignier issu de for\u00eats fran\u00e7aises \u00e9coresponsables.<\/b><\/p>\n<p>[\/et_pb_text][\/et_pb_column][\/et_pb_row][\/et_pb_section][et_pb_section fb_built=\u00a0\u00bb1&Prime; _builder_version=\u00a0\u00bb4.18.0&Prime; _module_preset=\u00a0\u00bbdefault\u00a0\u00bb global_colors_info=\u00a0\u00bb{}\u00a0\u00bb][et_pb_row _builder_version=\u00a0\u00bb4.18.0&Prime; _module_preset=\u00a0\u00bbdefault\u00a0\u00bb width=\u00a0\u00bb70%\u00a0\u00bb custom_margin=\u00a0\u00bb||60px||false|false\u00a0\u00bb custom_margin_tablet=\u00a0\u00bb||0px||false|false\u00a0\u00bb custom_margin_phone=\u00a0\u00bb||0px||false|false\u00a0\u00bb custom_margin_last_edited=\u00a0\u00bbon|tablet\u00a0\u00bb custom_padding=\u00a0\u00bb||0px|||\u00a0\u00bb global_colors_info=\u00a0\u00bb{}\u00a0\u00bb][et_pb_column type=\u00a0\u00bb4_4&Prime; _builder_version=\u00a0\u00bb4.16&Prime; _module_preset=\u00a0\u00bbdefault\u00a0\u00bb global_colors_info=\u00a0\u00bb{}\u00a0\u00bb][et_pb_text admin_label=\u00a0\u00bbH2 &#8211; Le ch\u00e2taignier, l\u2019avenir du chauffage au bois\u00a0\u00bb _builder_version=\u00a0\u00bb4.20.4&Prime; _module_preset=\u00a0\u00bbdefault\u00a0\u00bb text_orientation=\u00a0\u00bbcenter\u00a0\u00bb global_colors_info=\u00a0\u00bb{}\u00a0\u00bb]<\/p>\n<h2 style=\"text-align: center;\">Le ch\u00e2taignier, l\u2019avenir du chauffage au bois<\/h2>\n<p>[\/et_pb_text][et_pb_text _builder_version=\u00a0\u00bb4.20.4&Prime; _module_preset=\u00a0\u00bbdefault\u00a0\u00bb text_orientation=\u00a0\u00bbcenter\u00a0\u00bb global_colors_info=\u00a0\u00bb{}\u00a0\u00bb]<\/p>\n<p><span style=\"font-weight: 400;\">Le <\/span><b>ch\u00e2taignier commun <\/b><span style=\"font-weight: 400;\">est un arbre majestueux pr\u00e9sent dans toutes les r\u00e9gions de l\u2019hexagone. Il appartient \u00e0 la cat\u00e9gorie des <\/span><b>bois<\/b> <b>feuillus interm\u00e9diaires<\/b><span style=\"font-weight: 400;\">, dont la densit\u00e9 en fait un <\/span><b>bois de chauffage de choix<\/b><span style=\"font-weight: 400;\">.\u00a0<\/span><\/p>\n<p><b>L\u2019essence de ch\u00e2taignier<\/b><span style=\"font-weight: 400;\"> offre un tr\u00e8s bon rendement en <\/span><b>bois de c\u0153ur. <\/b><span style=\"font-weight: 400;\">Il s\u2019agit de la partie interne du bois, la plus dure et la plus s\u00e8che, particuli\u00e8rement adapt\u00e9e \u00e0 la combustion. Son <\/span><b>pouvoir calorifique<\/b><span style=\"font-weight: 400;\"> est \u00e9quivalent \u00e0 celui du ch\u00eane.\u00a0<\/span><\/p>\n<p><span style=\"font-weight: 400;\">En br\u00fblant, le bois de ch\u00e2taignier <\/span><b>lib\u00e8re une chaleur importante,<\/b><span style=\"font-weight: 400;\"> d\u00e9gage une <\/span><b>odeur agr\u00e9able<\/b><span style=\"font-weight: 400;\"> et laisse appara\u00eetre de <\/span><b>belles flammes<\/b><span style=\"font-weight: 400;\">. Toutefois, il convient de l\u2019utiliser en <\/span><b>foyer ferm\u00e9<\/b><span style=\"font-weight: 400;\"> (insert ou po\u00eale \u00e0 bois) car c\u2019est un bois qui \u00e9clate avec la chaleur. <\/span><\/p>\n<p><span style=\"font-weight: 400;\">Enfin, pr\u00e9cisons que le ch\u00e2taignier est un arbre \u00e0 la <\/span><b>croissance rapide<\/b><span style=\"font-weight: 400;\">, au <\/span><b>diam\u00e8tre imposant<\/b><span style=\"font-weight: 400;\"> et d\u2019une <\/span><b>grande long\u00e9vit\u00e9<\/b><span style=\"font-weight: 400;\">. Ainsi, contrairement au ch\u00eane ou au charme qui deviennent de plus en plus difficiles \u00e0 trouver dans nos for\u00eats, le bois de ch\u00e2taignier pr\u00e9sente des qualit\u00e9s ind\u00e9niables pour \u00eatre utilis\u00e9 comme <\/span><b>principal bois de chauffage individuel<\/b><span style=\"font-weight: 400;\">.<\/span><\/p>\n<p>[\/et_pb_text][et_pb_button button_url=\u00a0\u00bb#\u00a0\u00bb button_text=\u00a0\u00bbT\u00e9l\u00e9chargez les tarifs\u00a0\u00bb button_alignment=\u00a0\u00bbcenter\u00a0\u00bb disabled_on=\u00a0\u00bbon|on|on\u00a0\u00bb _builder_version=\u00a0\u00bb4.18.0&Prime; _module_preset=\u00a0\u00bbdefault\u00a0\u00bb disabled=\u00a0\u00bbon\u00a0\u00bb global_colors_info=\u00a0\u00bb{}\u00a0\u00bb][\/et_pb_button][et_pb_text disabled_on=\u00a0\u00bbon|on|on\u00a0\u00bb _builder_version=\u00a0\u00bb4.18.0&Prime; _module_preset=\u00a0\u00bbdefault\u00a0\u00bb text_orientation=\u00a0\u00bbcenter\u00a0\u00bb disabled=\u00a0\u00bbon\u00a0\u00bb global_colors_info=\u00a0\u00bb{}\u00a0\u00bb]<\/p>\n<p>Lorem ipsum dolor sit amet, consectetur adipisicing elit, sed do eiusmod tempor incididunt ut labore et dolore magna aliqua. Ut enim ad minim veniam, quis nostrud exercitation ullamco laboris nisi ut aliquip ex ea commodo consequat.<\/p>\n<p>[\/et_pb_text][\/et_pb_column][\/et_pb_row][et_pb_row column_structure=\u00a0\u00bb1_3,1_3,1_3&Prime; module_class=\u00a0\u00bbphotos_home\u00a0\u00bb _builder_version=\u00a0\u00bb4.18.0&Prime; _module_preset=\u00a0\u00bbdefault\u00a0\u00bb global_colors_info=\u00a0\u00bb{}\u00a0\u00bb][et_pb_column type=\u00a0\u00bb1_3&Prime; _builder_version=\u00a0\u00bb4.18.0&Prime; _module_preset=\u00a0\u00bbdefault\u00a0\u00bb global_colors_info=\u00a0\u00bb{}\u00a0\u00bb][et_pb_image src=\u00a0\u00bbhttps:\/\/www.amaxdeboisdechauffage.fr\/wp-content\/uploads\/2023\/04\/chataignier-bois-de-chauffage-vendee.jpg\u00a0\u00bb alt=\u00a0\u00bbBois de chauffage Ch\u00e2taignier\u00a0\u00bb title_text=\u00a0\u00bbchataignier-bois-de-chauffage-vendee\u00a0\u00bb _builder_version=\u00a0\u00bb4.20.4&Prime; _module_preset=\u00a0\u00bbdefault\u00a0\u00bb global_colors_info=\u00a0\u00bb{}\u00a0\u00bb][\/et_pb_image][\/et_pb_column][et_pb_column type=\u00a0\u00bb1_3&Prime; _builder_version=\u00a0\u00bb4.18.0&Prime; _module_preset=\u00a0\u00bbdefault\u00a0\u00bb global_colors_info=\u00a0\u00bb{}\u00a0\u00bb][et_pb_image src=\u00a0\u00bbhttps:\/\/www.amaxdeboisdechauffage.fr\/wp-content\/uploads\/2023\/04\/amaxdeboisdechauffage-chataignier-vendee-03.jpg\u00a0\u00bb alt=\u00a0\u00bbBois de ch\u00e2taignier fendu\u00a0\u00bb title_text=\u00a0\u00bbamaxdeboisdechauffage-chataignier-vendee-03&Prime; _builder_version=\u00a0\u00bb4.20.4&Prime; _module_preset=\u00a0\u00bbdefault\u00a0\u00bb global_colors_info=\u00a0\u00bb{}\u00a0\u00bb][\/et_pb_image][\/et_pb_column][et_pb_column type=\u00a0\u00bb1_3&Prime; _builder_version=\u00a0\u00bb4.18.0&Prime; _module_preset=\u00a0\u00bbdefault\u00a0\u00bb global_colors_info=\u00a0\u00bb{}\u00a0\u00bb][et_pb_image src=\u00a0\u00bbhttps:\/\/www.amaxdeboisdechauffage.fr\/wp-content\/uploads\/2023\/04\/amaxdeboisdechauffage-chataignier-PEFC-vendee.jpg\u00a0\u00bb alt=\u00a0\u00bbBois de chauffage ch\u00e2taignier certifi\u00e9 PEFC\u00a0\u00bb title_text=\u00a0\u00bbamaxdeboisdechauffage-chataignier-PEFC-vendee\u00a0\u00bb _builder_version=\u00a0\u00bb4.20.4&Prime; _module_preset=\u00a0\u00bbdefault\u00a0\u00bb global_colors_info=\u00a0\u00bb{}\u00a0\u00bb][\/et_pb_image][\/et_pb_column][\/et_pb_row][et_pb_row column_structure=\u00a0\u00bb1_3,1_3,1_3&Prime; module_class=\u00a0\u00bbphotos_home\u00a0\u00bb _builder_version=\u00a0\u00bb4.18.0&Prime; _module_preset=\u00a0\u00bbdefault\u00a0\u00bb global_colors_info=\u00a0\u00bb{}\u00a0\u00bb][et_pb_column type=\u00a0\u00bb1_3&Prime; _builder_version=\u00a0\u00bb4.18.0&Prime; _module_preset=\u00a0\u00bbdefault\u00a0\u00bb global_colors_info=\u00a0\u00bb{}\u00a0\u00bb][et_pb_image src=\u00a0\u00bbhttps:\/\/www.amaxdeboisdechauffage.fr\/wp-content\/uploads\/2023\/04\/amaxdeboisdechauffage-chataignier-vendee-05.jpg\u00a0\u00bb title_text=\u00a0\u00bbamaxdeboisdechauffage-chataignier-vendee-05&Prime; _builder_version=\u00a0\u00bb4.20.4&Prime; _module_preset=\u00a0\u00bbdefault\u00a0\u00bb global_colors_info=\u00a0\u00bb{}\u00a0\u00bb][\/et_pb_image][\/et_pb_column][et_pb_column type=\u00a0\u00bb1_3&Prime; _builder_version=\u00a0\u00bb4.18.0&Prime; _module_preset=\u00a0\u00bbdefault\u00a0\u00bb global_colors_info=\u00a0\u00bb{}\u00a0\u00bb][et_pb_image src=\u00a0\u00bbhttps:\/\/www.amaxdeboisdechauffage.fr\/wp-content\/uploads\/2023\/04\/amaxdeboisdechauffage-chataignier-vendee-01.jpg\u00a0\u00bb alt=\u00a0\u00bbL&rsquo;\u00e9quipe A max de bois de chauffage devant leur camion de livraison de bois de chauffage\u00a0\u00bb title_text=\u00a0\u00bbamaxdeboisdechauffage-chataignier-vendee-01&Prime; _builder_version=\u00a0\u00bb4.20.4&Prime; _module_preset=\u00a0\u00bbdefault\u00a0\u00bb global_colors_info=\u00a0\u00bb{}\u00a0\u00bb][\/et_pb_image][\/et_pb_column][et_pb_column type=\u00a0\u00bb1_3&Prime; _builder_version=\u00a0\u00bb4.18.0&Prime; _module_preset=\u00a0\u00bbdefault\u00a0\u00bb global_colors_info=\u00a0\u00bb{}\u00a0\u00bb][et_pb_image src=\u00a0\u00bbhttps:\/\/www.amaxdeboisdechauffage.fr\/wp-content\/uploads\/2023\/04\/amaxdeboisdechauffage-chataignier-vendee-02.jpg\u00a0\u00bb alt=\u00a0\u00bbStockage bois de chauffage en Vend\u00e9e\u00a0\u00bb title_text=\u00a0\u00bbamaxdeboisdechauffage-chataignier-vendee-02&Prime; _builder_version=\u00a0\u00bb4.20.4&Prime; _module_preset=\u00a0\u00bbdefault\u00a0\u00bb global_colors_info=\u00a0\u00bb{}\u00a0\u00bb][\/et_pb_image][\/et_pb_column][\/et_pb_row][et_pb_row column_structure=\u00a0\u00bb1_3,1_3,1_3&Prime; module_class=\u00a0\u00bbphotos_home\u00a0\u00bb _builder_version=\u00a0\u00bb4.18.0&Prime; _module_preset=\u00a0\u00bbdefault\u00a0\u00bb global_colors_info=\u00a0\u00bb{}\u00a0\u00bb][et_pb_column type=\u00a0\u00bb1_3&Prime; _builder_version=\u00a0\u00bb4.18.0&Prime; _module_preset=\u00a0\u00bbdefault\u00a0\u00bb global_colors_info=\u00a0\u00bb{}\u00a0\u00bb][et_pb_image src=\u00a0\u00bbhttps:\/\/www.amaxdeboisdechauffage.fr\/wp-content\/uploads\/2023\/04\/amaxdeboisdechauffage-livraison-vendee-01.jpg\u00a0\u00bb alt=\u00a0\u00bbL&rsquo;\u00e9quipe A max de bois de chauffage devant leur camion de livraison de bois de chauffage\u00a0\u00bb title_text=\u00a0\u00bbamaxdeboisdechauffage-livraison-vendee-01&Prime; _builder_version=\u00a0\u00bb4.20.4&Prime; _module_preset=\u00a0\u00bbdefault\u00a0\u00bb global_colors_info=\u00a0\u00bb{}\u00a0\u00bb][\/et_pb_image][\/et_pb_column][et_pb_column type=\u00a0\u00bb1_3&Prime; _builder_version=\u00a0\u00bb4.18.0&Prime; _module_preset=\u00a0\u00bbdefault\u00a0\u00bb global_colors_info=\u00a0\u00bb{}\u00a0\u00bb][et_pb_image src=\u00a0\u00bbhttps:\/\/www.amaxdeboisdechauffage.fr\/wp-content\/uploads\/2023\/04\/amaxdeboisdechauffage-livraison-vendee.jpg\u00a0\u00bb title_text=\u00a0\u00bbamaxdeboisdechauffage-livraison-vendee\u00a0\u00bb _builder_version=\u00a0\u00bb4.20.4&Prime; _module_preset=\u00a0\u00bbdefault\u00a0\u00bb global_colors_info=\u00a0\u00bb{}\u00a0\u00bb][\/et_pb_image][\/et_pb_column][et_pb_column type=\u00a0\u00bb1_3&Prime; _builder_version=\u00a0\u00bb4.18.0&Prime; _module_preset=\u00a0\u00bbdefault\u00a0\u00bb global_colors_info=\u00a0\u00bb{}\u00a0\u00bb][et_pb_image src=\u00a0\u00bbhttps:\/\/www.amaxdeboisdechauffage.fr\/wp-content\/uploads\/2023\/04\/amaxdeboisdechauffage-stockage-vendee-02.jpg\u00a0\u00bb alt=\u00a0\u00bbStockage bois de chauffage en Vend\u00e9e\u00a0\u00bb title_text=\u00a0\u00bbamaxdeboisdechauffage-stockage-vendee-02&Prime; _builder_version=\u00a0\u00bb4.20.4&Prime; _module_preset=\u00a0\u00bbdefault\u00a0\u00bb global_colors_info=\u00a0\u00bb{}\u00a0\u00bb][\/et_pb_image][\/et_pb_column][\/et_pb_row][\/et_pb_section][et_pb_section fb_built=\u00a0\u00bb1&Prime; admin_label=\u00a0\u00bbSection\u00a0\u00bb _builder_version=\u00a0\u00bb4.20.4&Prime; _module_preset=\u00a0\u00bbdefault\u00a0\u00bb custom_margin=\u00a0\u00bb0px||||false|false\u00a0\u00bb custom_padding=\u00a0\u00bb0px||||false|false\u00a0\u00bb global_colors_info=\u00a0\u00bb{}\u00a0\u00bb][et_pb_row admin_label=\u00a0\u00bbCaract\u00e9ristiques\u00a0\u00bb module_class=\u00a0\u00bbservices\u00a0\u00bb _builder_version=\u00a0\u00bb4.20.4&Prime; _module_preset=\u00a0\u00bbdefault\u00a0\u00bb global_colors_info=\u00a0\u00bb{}\u00a0\u00bb][et_pb_column type=\u00a0\u00bb4_4&Prime; _builder_version=\u00a0\u00bb4.18.0&Prime; _module_preset=\u00a0\u00bbdefault\u00a0\u00bb custom_padding_tablet=\u00a0\u00bb||50px||false|false\u00a0\u00bb custom_padding_phone=\u00a0\u00bb||50px||false|false\u00a0\u00bb custom_padding_last_edited=\u00a0\u00bboff|desktop\u00a0\u00bb global_colors_info=\u00a0\u00bb{}\u00a0\u00bb][et_pb_text admin_label=\u00a0\u00bbCaract\u00e9ristiques techniques du ch\u00e2taignier\u00a0\u00bb _builder_version=\u00a0\u00bb4.20.4&Prime; _module_preset=\u00a0\u00bbdefault\u00a0\u00bb text_font=\u00a0\u00bb||||||||\u00a0\u00bb text_text_color=\u00a0\u00bb#f9f3e3&Prime; header_3_text_color=\u00a0\u00bb#f9f3e3&Prime; text_orientation=\u00a0\u00bbcenter\u00a0\u00bb global_colors_info=\u00a0\u00bb{}\u00a0\u00bb]<\/p>\n<h3 style=\"text-align: left;\">Caract\u00e9ristiques techniques du ch\u00e2taignier<\/h3>\n<ul style=\"text-align: left;\">\n<li style=\"font-weight: 400;\" aria-level=\"1\"><b>Cat\u00e9gorie<\/b><span style=\"font-weight: 400;\"> : feuillu dur &#8211; G2<\/span><\/li>\n<li style=\"font-weight: 400;\" aria-level=\"1\"><b>Densit\u00e9 du bois vert<\/b><span style=\"font-weight: 400;\"> : 1 050 kg \/ <\/span><b>Densit\u00e9 du bois sec<\/b><span style=\"font-weight: 400;\"> : 620 kg<\/span><\/li>\n<li style=\"font-weight: 400;\" aria-level=\"1\"><b>Pouvoir Calorifique <\/b><span style=\"font-weight: 400;\">: 89<\/span><\/li>\n<li style=\"font-weight: 400;\" aria-level=\"1\"><b>Tailles des b\u00fbches <\/b>: 25 cm, 33 cm, 40 cm, 50 cm, 1 m, 2 m<\/li>\n<\/ul>\n<p>[\/et_pb_text][\/et_pb_column][\/et_pb_row][\/et_pb_section][et_pb_section fb_built=\u00a0\u00bb1&Prime; _builder_version=\u00a0\u00bb4.20.4&Prime; _module_preset=\u00a0\u00bbdefault\u00a0\u00bb custom_margin=\u00a0\u00bb0px||0px||false|false\u00a0\u00bb custom_padding=\u00a0\u00bb0px||0px||false|false\u00a0\u00bb collapsed=\u00a0\u00bboff\u00a0\u00bb global_colors_info=\u00a0\u00bb{}\u00a0\u00bb][et_pb_row column_structure=\u00a0\u00bb1_2,1_2&Prime; _builder_version=\u00a0\u00bb4.18.0&Prime; _module_preset=\u00a0\u00bbdefault\u00a0\u00bb width=\u00a0\u00bb70%\u00a0\u00bb custom_margin=\u00a0\u00bb||60px||false|false\u00a0\u00bb custom_margin_tablet=\u00a0\u00bb||0px||false|false\u00a0\u00bb custom_margin_phone=\u00a0\u00bb||0px||false|false\u00a0\u00bb custom_margin_last_edited=\u00a0\u00bbon|tablet\u00a0\u00bb custom_padding=\u00a0\u00bb||0px|||\u00a0\u00bb global_colors_info=\u00a0\u00bb{}\u00a0\u00bb][et_pb_column type=\u00a0\u00bb1_2&Prime; _builder_version=\u00a0\u00bb4.16&Prime; _module_preset=\u00a0\u00bbdefault\u00a0\u00bb global_colors_info=\u00a0\u00bb{}\u00a0\u00bb][et_pb_text _builder_version=\u00a0\u00bb4.20.4&Prime; _module_preset=\u00a0\u00bbdefault\u00a0\u00bb text_orientation=\u00a0\u00bbcenter\u00a0\u00bb global_colors_info=\u00a0\u00bb{}\u00a0\u00bb]<\/p>\n<h2><b>Utiliser et conserver du bois de chauffage ch\u00e2taignier<\/b><\/h2>\n<p style=\"text-align: left;\"><span style=\"font-weight: 400;\">Pour obtenir un chauffage efficace, il faut tout d\u2019abord s\u2019assurer que le bois de ch\u00e2taignier utilis\u00e9 soit bien sec. Autrement dit, les b\u00fbches doivent contenir <\/span><b>entre 20 et 25% d\u2019humidit\u00e9<\/b><span style=\"font-weight: 400;\">. Car plus la teneur en eau est \u00e9lev\u00e9e, plus le bois est difficile \u00e0 br\u00fbler. Il d\u00e9gage donc moins de chaleur, encrasse l\u2019installation et lib\u00e8re des particules qui polluent l\u2019air.<\/span><\/p>\n<p style=\"text-align: left;\"><span style=\"font-weight: 400;\">C\u2019est pourquoi chez A Max de Bois de Chauffage, nous <\/span><b>contr\u00f4lons <\/b><span style=\"font-weight: 400;\">syst\u00e9matiquement le <\/span><b>taux d\u2019humidit\u00e9 du bois<\/b> <b>de ch\u00e2taignier<\/b><span style=\"font-weight: 400;\"> que nous vendons. Nous vous en informons lors de la livraison, ce qui vous permet d\u2019organiser votre rangement en fonction :\u00a0<\/span><b><\/b><\/p>\n<ul style=\"text-align: left;\">\n<li aria-level=\"1\"><b>des b\u00fbches pr\u00eates \u00e0 l\u2019emploi,\u00a0<\/b><\/li>\n<\/ul>\n<ul style=\"text-align: left;\">\n<li aria-level=\"1\"><b>du bois qui n\u00e9cessite un temps de s\u00e9chage suppl\u00e9mentaire.<\/b><\/li>\n<\/ul>\n<p style=\"text-align: left;\"><span style=\"font-weight: 400;\">Vous avez des questions concernant les <\/span><b>quantit\u00e9s \u00e0 pr\u00e9voir<\/b><span style=\"font-weight: 400;\">, la <\/span><b>r\u00e9ception de la commande<\/b><span style=\"font-weight: 400;\"> \u00e0 votre domicile ou la meilleure fa\u00e7on de <\/span><b>stocker vos st\u00e8res de bois <\/b><span style=\"font-weight: 400;\">? N\u2019h\u00e9sitez pas \u00e0 nous contacter, nous vous <\/span><b>conseillons<\/b><span style=\"font-weight: 400;\"> et trouvons les <\/span><b>solutions<\/b><span style=\"font-weight: 400;\"> adapt\u00e9es \u00e0 <\/span><b>votre besoin et vos espaces<\/b><span style=\"font-weight: 400;\">.<\/span><\/p>\n<p>[\/et_pb_text][\/et_pb_column][et_pb_column type=\u00a0\u00bb1_2&Prime; _builder_version=\u00a0\u00bb4.16&Prime; _module_preset=\u00a0\u00bbdefault\u00a0\u00bb global_colors_info=\u00a0\u00bb{}\u00a0\u00bb][et_pb_text _builder_version=\u00a0\u00bb4.20.4&Prime; _module_preset=\u00a0\u00bbdefault\u00a0\u00bb text_orientation=\u00a0\u00bbcenter\u00a0\u00bb global_colors_info=\u00a0\u00bb{}\u00a0\u00bb]<\/p>\n<h2><b>Nos autres essences de bois de chauffage<\/b><\/h2>\n<p style=\"text-align: left;\"><span style=\"font-weight: 400;\">Afin de vous assurer un <\/span><b>chauffage au bois performant sans vous ruiner, <\/b><span style=\"font-weight: 400;\">nous avons choisi d\u2019associer le bois de ch\u00e2taignier \u00e0 deux autres essences de premi\u00e8re cat\u00e9gorie : le ch\u00eane et le charme.<\/span><\/p>\n<p style=\"text-align: left;\"><span style=\"font-weight: 400;\">En effet, si ces deux vari\u00e9t\u00e9s se font plus rares que le ch\u00e2taignier, elles n\u2019en demeurent pas moins des plus efficaces en mati\u00e8re de chauffage. La composition des lots que nous vendons se r\u00e9partit en fonction des arrivages :\u00a0<\/span><b><\/b><\/p>\n<ul style=\"text-align: left;\">\n<li aria-level=\"1\"><b>Bois de ch\u00e2taignier<\/b><\/li>\n<li aria-level=\"1\"><b>Bois de ch\u00eane<\/b><\/li>\n<li aria-level=\"1\"><b>Bois de charme<\/b><\/li>\n<\/ul>\n<p style=\"text-align: left;\"><b><\/b><br \/><span style=\"font-weight: 400;\">Pouvoir calorifique, provenance, conseils d\u2019utilisation\u2026 Retrouvez toutes les informations concernant les <\/span><b>essences de bois de ch\u00eane et de charme<\/b><span style=\"font-weight: 400;\"> pour chauffer votre maison.<\/span><\/p>\n<p>[\/et_pb_text][\/et_pb_column][\/et_pb_row][\/et_pb_section][et_pb_section fb_built=\u00a0\u00bb1&Prime; _builder_version=\u00a0\u00bb4.20.4&Prime; _module_preset=\u00a0\u00bbdefault\u00a0\u00bb custom_margin=\u00a0\u00bb0px||||false|false\u00a0\u00bb custom_padding=\u00a0\u00bb0px||||false|false\u00a0\u00bb locked=\u00a0\u00bboff\u00a0\u00bb collapsed=\u00a0\u00bboff\u00a0\u00bb global_colors_info=\u00a0\u00bb{}\u00a0\u00bb][et_pb_row disabled_on=\u00a0\u00bbon|on|on\u00a0\u00bb _builder_version=\u00a0\u00bb4.18.0&Prime; _module_preset=\u00a0\u00bbdefault\u00a0\u00bb disabled=\u00a0\u00bbon\u00a0\u00bb global_colors_info=\u00a0\u00bb{}\u00a0\u00bb][et_pb_column type=\u00a0\u00bb4_4&Prime; _builder_version=\u00a0\u00bb4.16&Prime; _module_preset=\u00a0\u00bbdefault\u00a0\u00bb global_colors_info=\u00a0\u00bb{}\u00a0\u00bb][et_pb_text _builder_version=\u00a0\u00bb4.20.4&Prime; _module_preset=\u00a0\u00bbdefault\u00a0\u00bb text_orientation=\u00a0\u00bbcenter\u00a0\u00bb global_colors_info=\u00a0\u00bb{}\u00a0\u00bb]<\/p>\n<p style=\"text-align: center;\"><span style=\"font-weight: 400;\">Caract\u00e9ristiques techniques, provenance, conseils d\u2019utilisation\u2026<br \/><\/span><span style=\"font-weight: 400;\">Retrouvez toutes les informations concernant les <\/span><b>essences de bois de ch\u00e2taignier et de charme<\/b><span style=\"font-weight: 400;\"> pour le chauffage de votre foyer. <\/span><\/p>\n<p>[\/et_pb_text][\/et_pb_column][\/et_pb_row][et_pb_row column_structure=\u00a0\u00bb1_2,1_2&Prime; module_class=\u00a0\u00bbphotos_home\u00a0\u00bb _builder_version=\u00a0\u00bb4.20.4&Prime; _module_preset=\u00a0\u00bbdefault\u00a0\u00bb global_colors_info=\u00a0\u00bb{}\u00a0\u00bb][et_pb_column type=\u00a0\u00bb1_2&Prime; admin_label=\u00a0\u00bbCh\u00eane\u00a0\u00bb _builder_version=\u00a0\u00bb4.20.4&Prime; _dynamic_attributes=\u00a0\u00bblink_option_url\u00a0\u00bb _module_preset=\u00a0\u00bbdefault\u00a0\u00bb link_option_url=\u00a0\u00bb@ET-DC@eyJkeW5hbWljIjp0cnVlLCJjb250ZW50IjoicG9zdF9saW5rX3VybF9wYWdlIiwic2V0dGluZ3MiOnsicG9zdF9pZCI6IjIwIn19@\u00a0\u00bb global_colors_info=\u00a0\u00bb{}\u00a0\u00bb][et_pb_image src=\u00a0\u00bbhttps:\/\/www.amaxdeboisdechauffage.fr\/wp-content\/uploads\/2023\/04\/amaxdeboisdechauffage-chene-vendee.jpg\u00a0\u00bb alt=\u00a0\u00bbBois de chauffage Ch\u00eane\u00a0\u00bb title_text=\u00a0\u00bbamaxdeboisdechauffage-chene-vendee\u00a0\u00bb _builder_version=\u00a0\u00bb4.20.4&Prime; _module_preset=\u00a0\u00bbdefault\u00a0\u00bb global_colors_info=\u00a0\u00bb{}\u00a0\u00bb][\/et_pb_image][et_pb_button button_url=\u00a0\u00bb@ET-DC@eyJkeW5hbWljIjp0cnVlLCJjb250ZW50IjoicG9zdF9saW5rX3VybF9wYWdlIiwic2V0dGluZ3MiOnsicG9zdF9pZCI6IjIwIn19@\u00a0\u00bb button_text=\u00a0\u00bbCh\u00eane\u00a0\u00bb button_alignment=\u00a0\u00bbcenter\u00a0\u00bb admin_label=\u00a0\u00bbCh\u00eane\u00a0\u00bb module_class=\u00a0\u00bbinverse\u00a0\u00bb _builder_version=\u00a0\u00bb4.20.4&Prime; _dynamic_attributes=\u00a0\u00bbbutton_url\u00a0\u00bb _module_preset=\u00a0\u00bbdefault\u00a0\u00bb global_colors_info=\u00a0\u00bb{}\u00a0\u00bb][\/et_pb_button][\/et_pb_column][et_pb_column type=\u00a0\u00bb1_2&Prime; admin_label=\u00a0\u00bbCharme\u00a0\u00bb _builder_version=\u00a0\u00bb4.20.4&Prime; _dynamic_attributes=\u00a0\u00bblink_option_url\u00a0\u00bb _module_preset=\u00a0\u00bbdefault\u00a0\u00bb link_option_url=\u00a0\u00bb@ET-DC@eyJkeW5hbWljIjp0cnVlLCJjb250ZW50IjoicG9zdF9saW5rX3VybF9wYWdlIiwic2V0dGluZ3MiOnsicG9zdF9pZCI6IjMwMCJ9fQ==@\u00a0\u00bb global_colors_info=\u00a0\u00bb{}\u00a0\u00bb][et_pb_image src=\u00a0\u00bbhttps:\/\/www.amaxdeboisdechauffage.fr\/wp-content\/uploads\/2023\/04\/charme-bois-de-chauffage-vendee.jpg\u00a0\u00bb alt=\u00a0\u00bbBois de chauffage Charme\u00a0\u00bb title_text=\u00a0\u00bbcharme-bois-de-chauffage-vendee\u00a0\u00bb _builder_version=\u00a0\u00bb4.20.4&Prime; _module_preset=\u00a0\u00bbdefault\u00a0\u00bb global_colors_info=\u00a0\u00bb{}\u00a0\u00bb][\/et_pb_image][et_pb_button button_url=\u00a0\u00bb@ET-DC@eyJkeW5hbWljIjp0cnVlLCJjb250ZW50IjoicG9zdF9saW5rX3VybF9wYWdlIiwic2V0dGluZ3MiOnsicG9zdF9pZCI6IjMwMCJ9fQ==@\u00a0\u00bb button_text=\u00a0\u00bbCharme\u00a0\u00bb button_alignment=\u00a0\u00bbcenter\u00a0\u00bb admin_label=\u00a0\u00bbCharme\u00a0\u00bb module_class=\u00a0\u00bbinverse\u00a0\u00bb _builder_version=\u00a0\u00bb4.20.4&Prime; _dynamic_attributes=\u00a0\u00bbbutton_url\u00a0\u00bb _module_preset=\u00a0\u00bbdefault\u00a0\u00bb global_colors_info=\u00a0\u00bb{}\u00a0\u00bb][\/et_pb_button][\/et_pb_column][\/et_pb_row][\/et_pb_section][et_pb_section fb_built=\u00a0\u00bb1&Prime; disabled_on=\u00a0\u00bboff|off|off\u00a0\u00bb _builder_version=\u00a0\u00bb4.20.4&Prime; _module_preset=\u00a0\u00bbdefault\u00a0\u00bb max_width=\u00a0\u00bb1200px\u00a0\u00bb module_alignment=\u00a0\u00bbcenter\u00a0\u00bb custom_margin=\u00a0\u00bb||80px||false|false\u00a0\u00bb custom_padding=\u00a0\u00bb||||false|false\u00a0\u00bb locked=\u00a0\u00bboff\u00a0\u00bb collapsed=\u00a0\u00bboff\u00a0\u00bb global_colors_info=\u00a0\u00bb{}\u00a0\u00bb global_module=\u00a0\u00bb468&Prime; theme_builder_area=\u00a0\u00bbpost_content\u00a0\u00bb][et_pb_row admin_label=\u00a0\u00bbServices\u00a0\u00bb module_class=\u00a0\u00bbservices\u00a0\u00bb _builder_version=\u00a0\u00bb4.20.4&Prime; _module_preset=\u00a0\u00bbdefault\u00a0\u00bb module_alignment=\u00a0\u00bbcenter\u00a0\u00bb global_colors_info=\u00a0\u00bb{}\u00a0\u00bb theme_builder_area=\u00a0\u00bbpost_content\u00a0\u00bb][et_pb_column type=\u00a0\u00bb4_4&Prime; _builder_version=\u00a0\u00bb4.18.0&Prime; _module_preset=\u00a0\u00bbdefault\u00a0\u00bb custom_padding_tablet=\u00a0\u00bb||50px||false|false\u00a0\u00bb custom_padding_phone=\u00a0\u00bb||50px||false|false\u00a0\u00bb custom_padding_last_edited=\u00a0\u00bboff|desktop\u00a0\u00bb global_colors_info=\u00a0\u00bb{}\u00a0\u00bb theme_builder_area=\u00a0\u00bbpost_content\u00a0\u00bb][et_pb_text module_class=\u00a0\u00bbbigparagraphe\u00a0\u00bb _builder_version=\u00a0\u00bb4.20.4&Prime; _module_preset=\u00a0\u00bbdefault\u00a0\u00bb text_font=\u00a0\u00bb|700|||||||\u00a0\u00bb text_line_height=\u00a0\u00bb1.5em\u00a0\u00bb text_orientation=\u00a0\u00bbcenter\u00a0\u00bb max_width=\u00a0\u00bb800px\u00a0\u00bb module_alignment=\u00a0\u00bbcenter\u00a0\u00bb global_colors_info=\u00a0\u00bb{}\u00a0\u00bb theme_builder_area=\u00a0\u00bbpost_content\u00a0\u00bb]<\/p>\n<p style=\"text-align: center;\">Pour un chauffage efficace et un rendement optimal tout au long de l&rsquo;hiver, anticipez d\u00e8s maintenant le stockage de votre bois pour les mois \u00e0 venir.<\/p>\n<p>[\/et_pb_text][et_pb_button button_url=\u00a0\u00bb@ET-DC@eyJkeW5hbWljIjp0cnVlLCJjb250ZW50IjoicG9zdF9saW5rX3VybF9wYWdlIiwic2V0dGluZ3MiOnsicG9zdF9pZCI6IjI5In19@\u00a0\u00bb button_text=\u00a0\u00bbContactez-nous\u00a0\u00bb button_alignment=\u00a0\u00bbcenter\u00a0\u00bb module_class=\u00a0\u00bbinverse\u00a0\u00bb _builder_version=\u00a0\u00bb4.20.4&Prime; _dynamic_attributes=\u00a0\u00bbbutton_url\u00a0\u00bb _module_preset=\u00a0\u00bbdefault\u00a0\u00bb global_colors_info=\u00a0\u00bb{}\u00a0\u00bb theme_builder_area=\u00a0\u00bbpost_content\u00a0\u00bb][\/et_pb_button][\/et_pb_column][\/et_pb_row][\/et_pb_section]<\/p>\n","protected":false},"excerpt":{"rendered":"<p>A Max de Bois de Chauffage vous propose du bois de chauffage ch\u00e2taignier issu de for\u00eats fran\u00e7aises \u00e9coresponsables.Le ch\u00e2taignier, l\u2019avenir du chauffage au boisLe ch\u00e2taignier commun est un arbre majestueux pr\u00e9sent dans toutes les r\u00e9gions de l\u2019hexagone. Il appartient \u00e0 la cat\u00e9gorie des bois feuillus interm\u00e9diaires, dont la densit\u00e9 en fait un bois de chauffage [&hellip;]<\/p>\n","protected":false},"author":1,"featured_media":257,"parent":0,"menu_order":0,"comment_status":"closed","ping_status":"closed","template":"","meta":{"_et_pb_use_builder":"on","_et_pb_old_content":"","_et_gb_content_width":"","footnotes":""},"class_list":["post-260","page","type-page","status-publish","has-post-thumbnail","hentry"],"yoast_head":"<!-- This site is optimized with the Yoast SEO plugin v26.9 - https:\/\/yoast.com\/product\/yoast-seo-wordpress\/ -->\n<title>Bois de chauffage Ch\u00e2taignier - A Max de Bois de Chauffage<\/title>\n<meta name=\"description\" content=\"A Max de Bois de Chauffage vous propose du bois de chauffage ch\u00e2taignier issu de for\u00eats fran\u00e7aises \u00e9coresponsables.\" \/>\n<meta name=\"robots\" content=\"index, follow, max-snippet:-1, max-image-preview:large, max-video-preview:-1\" \/>\n<link rel=\"canonical\" href=\"https:\/\/www.amaxdeboisdechauffage.fr\/bois-de-chauffage-chataignier\/\" \/>\n<meta property=\"og:locale\" content=\"fr_FR\" \/>\n<meta property=\"og:type\" content=\"article\" \/>\n<meta property=\"og:title\" content=\"Bois de chauffage Ch\u00e2taignier - A Max de Bois de Chauffage\" \/>\n<meta property=\"og:description\" content=\"A Max de Bois de Chauffage vous propose du bois de chauffage ch\u00e2taignier issu de for\u00eats fran\u00e7aises \u00e9coresponsables.\" \/>\n<meta property=\"og:url\" content=\"https:\/\/www.amaxdeboisdechauffage.fr\/bois-de-chauffage-chataignier\/\" \/>\n<meta property=\"og:site_name\" content=\"A Max de Bois de Chauffage\" \/>\n<meta property=\"article:modified_time\" content=\"2023-04-13T10:16:28+00:00\" \/>\n<meta property=\"og:image\" content=\"https:\/\/www.amaxdeboisdechauffage.fr\/wp-content\/uploads\/2023\/04\/UP-amaxdeboisdechauffage-01.jpg\" \/>\n\t<meta property=\"og:image:width\" content=\"1200\" \/>\n\t<meta property=\"og:image:height\" content=\"627\" \/>\n\t<meta property=\"og:image:type\" content=\"image\/jpeg\" \/>\n<meta name=\"twitter:card\" content=\"summary_large_image\" \/>\n<meta name=\"twitter:label1\" content=\"Dur\u00e9e de lecture estim\u00e9e\" \/>\n\t<meta name=\"twitter:data1\" content=\"6 minutes\" \/>\n<script type=\"application\/ld+json\" class=\"yoast-schema-graph\">{\"@context\":\"https:\/\/schema.org\",\"@graph\":[{\"@type\":\"WebPage\",\"@id\":\"https:\/\/www.amaxdeboisdechauffage.fr\/bois-de-chauffage-chataignier\/\",\"url\":\"https:\/\/www.amaxdeboisdechauffage.fr\/bois-de-chauffage-chataignier\/\",\"name\":\"Bois de chauffage Ch\u00e2taignier - A Max de Bois de Chauffage\",\"isPartOf\":{\"@id\":\"https:\/\/www.amaxdeboisdechauffage.fr\/#website\"},\"primaryImageOfPage\":{\"@id\":\"https:\/\/www.amaxdeboisdechauffage.fr\/bois-de-chauffage-chataignier\/#primaryimage\"},\"image\":{\"@id\":\"https:\/\/www.amaxdeboisdechauffage.fr\/bois-de-chauffage-chataignier\/#primaryimage\"},\"thumbnailUrl\":\"https:\/\/www.amaxdeboisdechauffage.fr\/wp-content\/uploads\/2023\/04\/UP-amaxdeboisdechauffage-01.jpg\",\"datePublished\":\"2023-04-11T13:55:00+00:00\",\"dateModified\":\"2023-04-13T10:16:28+00:00\",\"description\":\"A Max de Bois de Chauffage vous propose du bois de chauffage ch\u00e2taignier issu de for\u00eats fran\u00e7aises \u00e9coresponsables.\",\"breadcrumb\":{\"@id\":\"https:\/\/www.amaxdeboisdechauffage.fr\/bois-de-chauffage-chataignier\/#breadcrumb\"},\"inLanguage\":\"fr-FR\",\"potentialAction\":[{\"@type\":\"ReadAction\",\"target\":[\"https:\/\/www.amaxdeboisdechauffage.fr\/bois-de-chauffage-chataignier\/\"]}]},{\"@type\":\"ImageObject\",\"inLanguage\":\"fr-FR\",\"@id\":\"https:\/\/www.amaxdeboisdechauffage.fr\/bois-de-chauffage-chataignier\/#primaryimage\",\"url\":\"https:\/\/www.amaxdeboisdechauffage.fr\/wp-content\/uploads\/2023\/04\/UP-amaxdeboisdechauffage-01.jpg\",\"contentUrl\":\"https:\/\/www.amaxdeboisdechauffage.fr\/wp-content\/uploads\/2023\/04\/UP-amaxdeboisdechauffage-01.jpg\",\"width\":1200,\"height\":627,\"caption\":\"D\u00e9p\u00f4t \\\"A max de bois de chauffage\\\" vu du ciel\"},{\"@type\":\"BreadcrumbList\",\"@id\":\"https:\/\/www.amaxdeboisdechauffage.fr\/bois-de-chauffage-chataignier\/#breadcrumb\",\"itemListElement\":[{\"@type\":\"ListItem\",\"position\":1,\"name\":\"Accueil\",\"item\":\"https:\/\/www.amaxdeboisdechauffage.fr\/\"},{\"@type\":\"ListItem\",\"position\":2,\"name\":\"Bois de chauffage ch\u00e2taignier\"}]},{\"@type\":\"WebSite\",\"@id\":\"https:\/\/www.amaxdeboisdechauffage.fr\/#website\",\"url\":\"https:\/\/www.amaxdeboisdechauffage.fr\/\",\"name\":\"A Max de Bois de Chauffage\",\"description\":\"Bois de chauffage en Vend\u00e9e\",\"potentialAction\":[{\"@type\":\"SearchAction\",\"target\":{\"@type\":\"EntryPoint\",\"urlTemplate\":\"https:\/\/www.amaxdeboisdechauffage.fr\/?s={search_term_string}\"},\"query-input\":{\"@type\":\"PropertyValueSpecification\",\"valueRequired\":true,\"valueName\":\"search_term_string\"}}],\"inLanguage\":\"fr-FR\"}]}<\/script>\n<!-- \/ Yoast SEO plugin. -->","yoast_head_json":{"title":"Bois de chauffage Ch\u00e2taignier - A Max de Bois de Chauffage","description":"A Max de Bois de Chauffage vous propose du bois de chauffage ch\u00e2taignier issu de for\u00eats fran\u00e7aises \u00e9coresponsables.","robots":{"index":"index","follow":"follow","max-snippet":"max-snippet:-1","max-image-preview":"max-image-preview:large","max-video-preview":"max-video-preview:-1"},"canonical":"https:\/\/www.amaxdeboisdechauffage.fr\/bois-de-chauffage-chataignier\/","og_locale":"fr_FR","og_type":"article","og_title":"Bois de chauffage Ch\u00e2taignier - A Max de Bois de Chauffage","og_description":"A Max de Bois de Chauffage vous propose du bois de chauffage ch\u00e2taignier issu de for\u00eats fran\u00e7aises \u00e9coresponsables.","og_url":"https:\/\/www.amaxdeboisdechauffage.fr\/bois-de-chauffage-chataignier\/","og_site_name":"A Max de Bois de Chauffage","article_modified_time":"2023-04-13T10:16:28+00:00","og_image":[{"width":1200,"height":627,"url":"https:\/\/www.amaxdeboisdechauffage.fr\/wp-content\/uploads\/2023\/04\/UP-amaxdeboisdechauffage-01.jpg","type":"image\/jpeg"}],"twitter_card":"summary_large_image","twitter_misc":{"Dur\u00e9e de lecture estim\u00e9e":"6 minutes"},"schema":{"@context":"https:\/\/schema.org","@graph":[{"@type":"WebPage","@id":"https:\/\/www.amaxdeboisdechauffage.fr\/bois-de-chauffage-chataignier\/","url":"https:\/\/www.amaxdeboisdechauffage.fr\/bois-de-chauffage-chataignier\/","name":"Bois de chauffage Ch\u00e2taignier - A Max de Bois de Chauffage","isPartOf":{"@id":"https:\/\/www.amaxdeboisdechauffage.fr\/#website"},"primaryImageOfPage":{"@id":"https:\/\/www.amaxdeboisdechauffage.fr\/bois-de-chauffage-chataignier\/#primaryimage"},"image":{"@id":"https:\/\/www.amaxdeboisdechauffage.fr\/bois-de-chauffage-chataignier\/#primaryimage"},"thumbnailUrl":"https:\/\/www.amaxdeboisdechauffage.fr\/wp-content\/uploads\/2023\/04\/UP-amaxdeboisdechauffage-01.jpg","datePublished":"2023-04-11T13:55:00+00:00","dateModified":"2023-04-13T10:16:28+00:00","description":"A Max de Bois de Chauffage vous propose du bois de chauffage ch\u00e2taignier issu de for\u00eats fran\u00e7aises \u00e9coresponsables.","breadcrumb":{"@id":"https:\/\/www.amaxdeboisdechauffage.fr\/bois-de-chauffage-chataignier\/#breadcrumb"},"inLanguage":"fr-FR","potentialAction":[{"@type":"ReadAction","target":["https:\/\/www.amaxdeboisdechauffage.fr\/bois-de-chauffage-chataignier\/"]}]},{"@type":"ImageObject","inLanguage":"fr-FR","@id":"https:\/\/www.amaxdeboisdechauffage.fr\/bois-de-chauffage-chataignier\/#primaryimage","url":"https:\/\/www.amaxdeboisdechauffage.fr\/wp-content\/uploads\/2023\/04\/UP-amaxdeboisdechauffage-01.jpg","contentUrl":"https:\/\/www.amaxdeboisdechauffage.fr\/wp-content\/uploads\/2023\/04\/UP-amaxdeboisdechauffage-01.jpg","width":1200,"height":627,"caption":"D\u00e9p\u00f4t \"A max de bois de chauffage\" vu du ciel"},{"@type":"BreadcrumbList","@id":"https:\/\/www.amaxdeboisdechauffage.fr\/bois-de-chauffage-chataignier\/#breadcrumb","itemListElement":[{"@type":"ListItem","position":1,"name":"Accueil","item":"https:\/\/www.amaxdeboisdechauffage.fr\/"},{"@type":"ListItem","position":2,"name":"Bois de chauffage ch\u00e2taignier"}]},{"@type":"WebSite","@id":"https:\/\/www.amaxdeboisdechauffage.fr\/#website","url":"https:\/\/www.amaxdeboisdechauffage.fr\/","name":"A Max de Bois de Chauffage","description":"Bois de chauffage en Vend\u00e9e","potentialAction":[{"@type":"SearchAction","target":{"@type":"EntryPoint","urlTemplate":"https:\/\/www.amaxdeboisdechauffage.fr\/?s={search_term_string}"},"query-input":{"@type":"PropertyValueSpecification","valueRequired":true,"valueName":"search_term_string"}}],"inLanguage":"fr-FR"}]}},"_links":{"self":[{"href":"https:\/\/www.amaxdeboisdechauffage.fr\/api\/wp\/v2\/pages\/260","targetHints":{"allow":["GET"]}}],"collection":[{"href":"https:\/\/www.amaxdeboisdechauffage.fr\/api\/wp\/v2\/pages"}],"about":[{"href":"https:\/\/www.amaxdeboisdechauffage.fr\/api\/wp\/v2\/types\/page"}],"author":[{"embeddable":true,"href":"https:\/\/www.amaxdeboisdechauffage.fr\/api\/wp\/v2\/users\/1"}],"replies":[{"embeddable":true,"href":"https:\/\/www.amaxdeboisdechauffage.fr\/api\/wp\/v2\/comments?post=260"}],"version-history":[{"count":27,"href":"https:\/\/www.amaxdeboisdechauffage.fr\/api\/wp\/v2\/pages\/260\/revisions"}],"predecessor-version":[{"id":473,"href":"https:\/\/www.amaxdeboisdechauffage.fr\/api\/wp\/v2\/pages\/260\/revisions\/473"}],"wp:featuredmedia":[{"embeddable":true,"href":"https:\/\/www.amaxdeboisdechauffage.fr\/api\/wp\/v2\/media\/257"}],"wp:attachment":[{"href":"https:\/\/www.amaxdeboisdechauffage.fr\/api\/wp\/v2\/media?parent=260"}],"curies":[{"name":"wp","href":"https:\/\/api.w.org\/{rel}","templated":true}]}}